{"id":35,"date":"2021-09-17T21:43:59","date_gmt":"2021-09-17T21:43:59","guid":{"rendered":"http:\/\/es.valeriapelka.com\/?page_id=35"},"modified":"2026-03-01T18:18:43","modified_gmt":"2026-03-01T18:18:43","slug":"musica","status":"publish","type":"page","link":"https:\/\/es.valeriapelka.com\/index.php\/musica\/","title":{"rendered":"M\u00fasica"},"content":{"rendered":"<p><img loading=\"lazy\" decoding=\"async\" class=\" wp-image-313 aligncenter\" src=\"http:\/\/es.valeriapelka.com\/wp-content\/uploads\/2023\/10\/obras-para-orquesta.png\" alt=\"\" width=\"1078\" height=\"171\" srcset=\"https:\/\/es.valeriapelka.com\/wp-content\/uploads\/2023\/10\/obras-para-orquesta.png 920w, https:\/\/es.valeriapelka.com\/wp-content\/uploads\/2023\/10\/obras-para-orquesta-300x48.png 300w, https:\/\/es.valeriapelka.com\/wp-content\/uploads\/2023\/10\/obras-para-orquesta-768x122.png 768w, https:\/\/es.valeriapelka.com\/wp-content\/uploads\/2023\/10\/obras-para-orquesta-24x4.png 24w, https:\/\/es.valeriapelka.com\/wp-content\/uploads\/2023\/10\/obras-para-orquesta-36x6.png 36w, https:\/\/es.valeriapelka.com\/wp-content\/uploads\/2023\/10\/obras-para-orquesta-90x14.png 90w\" sizes=\"(max-width: 1078px) 100vw, 1078px\" \/><\/p>\n<p><img loading=\"lazy\" decoding=\"async\" class=\"wp-image-349 aligncenter\" src=\"http:\/\/es.valeriapelka.com\/wp-content\/uploads\/2023\/11\/MEMORIAS-A.png\" alt=\"\" width=\"764\" height=\"340\" srcset=\"https:\/\/es.valeriapelka.com\/wp-content\/uploads\/2023\/11\/MEMORIAS-A.png 1135w, https:\/\/es.valeriapelka.com\/wp-content\/uploads\/2023\/11\/MEMORIAS-A-300x133.png 300w, https:\/\/es.valeriapelka.com\/wp-content\/uploads\/2023\/11\/MEMORIAS-A-1024x456.png 1024w, https:\/\/es.valeriapelka.com\/wp-content\/uploads\/2023\/11\/MEMORIAS-A-768x342.png 768w, https:\/\/es.valeriapelka.com\/wp-content\/uploads\/2023\/11\/MEMORIAS-A-24x11.png 24w, https:\/\/es.valeriapelka.com\/wp-content\/uploads\/2023\/11\/MEMORIAS-A-36x16.png 36w, https:\/\/es.valeriapelka.com\/wp-content\/uploads\/2023\/11\/MEMORIAS-A-90x40.png 90w\" sizes=\"(max-width: 764px) 100vw, 764px\" \/><\/p>\n<p>&nbsp;<\/p>\n<p>&#8220;MEMORIAS ARGENTINAS&#8221;\u00a0 Como es bien sabido, muchos de los ritmos folkl\u00f3ricos argentinos tienen ra\u00edces africanas. Esta pieza musical se inspira en tres de ellos: la chacarera, la zamba y el malambo. Cada uno de estos estilos se interpreta y baila en diferentes regiones del pa\u00eds, extendi\u00e9ndose por todo el territorio nacional.<\/p>\n<p>Entendiendo que es imposible abarcar en una sola composici\u00f3n musical todas las influencias que la herencia africana ha tenido en la m\u00fasica folkl\u00f3rica argentina, esta suite es un intento de preservar, rendir homenaje y renovar algunos de esos elementos heredados despu\u00e9s de siglos.<\/p>\n<p>Comisionada y dedicada a California Youth Symphony, Palo Alto, California, USA,<br \/>\ny al Maestro Leo Eylar, Director.<\/p>\n<p>Instrumentaci\u00f3n: 2+picc. &#8211; 2 &#8211; 2 &#8211; 2 ; 4 &#8211; 2 &#8211; 3 &#8211; 1 ; timp + 4, hp, pno, strings<\/p>\n<p>Duraci\u00f3n total: 15:30 min<\/p>\n<p>&#8220;MEMORIAS ARGENTINAS&#8221; 1er Movimiento &#8211; MEMORIAS DE SANTIAGO<\/p>\n<div class=\"_df_book df-lite\" id=\"df_563\"  class=\"\" id=\"563\" type=\"book\" data-title=\"memorias-de-santiago\" _slug=\"memorias-de-sanitago\" wpoptions=\"true\" thumbtype=\"bg\" ><p class=\"df-raw-loading\">Please wait while flipbook is loading. For more related info, FAQs and issues please refer to <a href=\"https:\/\/wordpress.org\/plugins\/3d-flipbook-dflip-lite\/#installation\">DearFlip WordPress Flipbook Plugin Help<\/a> documentation.<\/p><\/div><script class=\"df-shortcode-script\" type=\"application\/javascript\">window.option_df_563 = {\"outline\":[],\"forceFit\":\"true\",\"autoEnableOutline\":\"false\",\"autoEnableThumbnail\":\"false\",\"overwritePDFOutline\":\"false\",\"enableDownload\":\"false\",\"direction\":\"1\",\"pageSize\":\"0\",\"source\":\"http:\\\/\\\/es.valeriapelka.com\\\/wp-content\\\/uploads\\\/2026\\\/03\\\/Memorias-de-Santiago-Valeria-Pelka-PERUSAL-1-11.pdf\",\"wpOptions\":\"true\"}; if(window.DFLIP && window.DFLIP.parseBooks){window.DFLIP.parseBooks();}<\/script>\n<p>&nbsp;<\/p>\n<p>&#8220;MEMORIAS ARGENTINAS&#8221; 2do Movimiento &#8211; MEMORIAS NORTE\u00d1AS<\/p>\n<!--[if lt IE 9]><script>document.createElement('audio');<\/script><![endif]-->\n<audio class=\"wp-audio-shortcode\" id=\"audio-35-1\" preload=\"none\" style=\"width: 100%;\" controls=\"controls\"><source type=\"audio\/mpeg\" src=\"http:\/\/es.valeriapelka.com\/wp-content\/uploads\/2023\/11\/CYS-11-5-23-Pelka-II.mp3?_=1\" \/><a href=\"http:\/\/es.valeriapelka.com\/wp-content\/uploads\/2023\/11\/CYS-11-5-23-Pelka-II.mp3\">http:\/\/es.valeriapelka.com\/wp-content\/uploads\/2023\/11\/CYS-11-5-23-Pelka-II.mp3<\/a><\/audio>\n<div class=\"_df_book df-lite\" id=\"df_365\"  class=\"\" id=\"365\" type=\"book\" data-title=\"memorias-ii\" _slug=\"memorias-ii\" wpoptions=\"true\" thumbtype=\"bg\" ><p class=\"df-raw-loading\">Please wait while flipbook is loading. For more related info, FAQs and issues please refer to <a href=\"https:\/\/wordpress.org\/plugins\/3d-flipbook-dflip-lite\/#installation\">DearFlip WordPress Flipbook Plugin Help<\/a> documentation.<\/p><\/div><script class=\"df-shortcode-script\" type=\"application\/javascript\">window.option_df_365 = {\"outline\":[],\"forceFit\":\"true\",\"autoEnableOutline\":\"false\",\"autoEnableThumbnail\":\"false\",\"overwritePDFOutline\":\"false\",\"enableDownload\":\"false\",\"direction\":\"1\",\"pageSize\":\"0\",\"source\":\"http:\\\/\\\/es.valeriapelka.com\\\/wp-content\\\/uploads\\\/2023\\\/11\\\/Memorias-Argentinas-Valeria-Pelka-PERUSAL-II-Nortenas.pdf\",\"wpOptions\":\"true\"}; if(window.DFLIP && window.DFLIP.parseBooks){window.DFLIP.parseBooks();}<\/script>\n<p>&nbsp;<\/p>\n<p>&#8220;MEMORIAS ARGENTINAS&#8221; 3er Movimiento &#8211; MEMORIAS PAMPEANAS<\/p>\n<audio class=\"wp-audio-shortcode\" id=\"audio-35-2\" preload=\"none\" style=\"width: 100%;\" controls=\"controls\"><source type=\"audio\/mpeg\" src=\"http:\/\/es.valeriapelka.com\/wp-content\/uploads\/2023\/11\/CYS-11-5-23-Pelka-III.mp3?_=2\" \/><a href=\"http:\/\/es.valeriapelka.com\/wp-content\/uploads\/2023\/11\/CYS-11-5-23-Pelka-III.mp3\">http:\/\/es.valeriapelka.com\/wp-content\/uploads\/2023\/11\/CYS-11-5-23-Pelka-III.mp3<\/a><\/audio>\n<div class=\"_df_book df-lite\" id=\"df_369\"  class=\"\" id=\"369\" type=\"book\" data-title=\"memorias-iii\" _slug=\"memorias-iii\" wpoptions=\"true\" thumbtype=\"bg\" ><p class=\"df-raw-loading\">Please wait while flipbook is loading. For more related info, FAQs and issues please refer to <a href=\"https:\/\/wordpress.org\/plugins\/3d-flipbook-dflip-lite\/#installation\">DearFlip WordPress Flipbook Plugin Help<\/a> documentation.<\/p><\/div><script class=\"df-shortcode-script\" type=\"application\/javascript\">window.option_df_369 = {\"outline\":[],\"forceFit\":\"true\",\"autoEnableOutline\":\"false\",\"autoEnableThumbnail\":\"false\",\"overwritePDFOutline\":\"false\",\"enableDownload\":\"false\",\"direction\":\"1\",\"pageSize\":\"0\",\"source\":\"http:\\\/\\\/es.valeriapelka.com\\\/wp-content\\\/uploads\\\/2023\\\/11\\\/Memorias-Argentinas-Valeria-Pelka-PERUSAL-III-Pampeanas.pdf\",\"wpOptions\":\"true\"}; if(window.DFLIP && window.DFLIP.parseBooks){window.DFLIP.parseBooks();}<\/script>\n<p><img loading=\"lazy\" decoding=\"async\" class=\"wp-image-458 aligncenter\" src=\"http:\/\/es.valeriapelka.com\/wp-content\/uploads\/2024\/10\/beyond-rituals-orq.png\" alt=\"\" width=\"493\" height=\"251\" srcset=\"https:\/\/es.valeriapelka.com\/wp-content\/uploads\/2024\/10\/beyond-rituals-orq.png 599w, https:\/\/es.valeriapelka.com\/wp-content\/uploads\/2024\/10\/beyond-rituals-orq-300x153.png 300w, https:\/\/es.valeriapelka.com\/wp-content\/uploads\/2024\/10\/beyond-rituals-orq-24x12.png 24w, https:\/\/es.valeriapelka.com\/wp-content\/uploads\/2024\/10\/beyond-rituals-orq-36x18.png 36w, https:\/\/es.valeriapelka.com\/wp-content\/uploads\/2024\/10\/beyond-rituals-orq-90x46.png 90w\" sizes=\"(max-width: 493px) 100vw, 493px\" \/><\/p>\n<p>\u201cBEYOND RITUALS\u201d\u00a0 La m\u00fasica y la danza, en su esencia m\u00e1s profunda, act\u00faan como puentes que unen a la humanidad en una celebraci\u00f3n com\u00fan de la existencia. Mi prop\u00f3sito de crear una obra que hable sobre la uni\u00f3n de la humanidad a trav\u00e9s de la danza y la m\u00fasica me ha llevado a reflexionar sobre las pr\u00e1cticas de los pueblos nativos, en los que m\u00fasica y danza emergieron como formas primordiales de conexi\u00f3n con la naturaleza y con lo divino.<\/p>\n<p>Estos pueblos adoraban a las deidades naturales y a trav\u00e9s de rituales invocaban a la lluvia, agradec\u00edan al sol, veneraban al fuego y celebraban todo lo que la tierra les brindaba. As\u00ed, cada movimiento, cada canto y cada golpe de tambor se convert\u00edan en una ofrenda sagrada. La danza y la m\u00fasica no solo eran expresiones art\u00edsticas, sino medios para rendir tributo a la naturaleza, reforzando el v\u00ednculo entre el ser humano y su entorno. En este esp\u00edritu, ambas expresiones reun\u00edan a las personas en un acto compartido de veneraci\u00f3n y agradecimiento, reflejando las ra\u00edces comunes que a\u00fan hoy nos conectan a todos con el ritmo eterno de la vida.<\/p>\n<p>Comisionada y dedicada a Cambrian Symphony, San Jose, California, USA, y al Maestro Scott Krijnen, Music Director.<\/p>\n<p>Instrumentaci\u00f3n: 2+picc. &#8211; 2 &#8211; 2 &#8211; 2 ; 4 &#8211; 2 &#8211; 3 &#8211; 1 ; timp + 4, hp, pno, strings<\/p>\n<p>Duraci\u00f3n: 11:30 min<\/p>\n<audio class=\"wp-audio-shortcode\" id=\"audio-35-3\" preload=\"none\" style=\"width: 100%;\" controls=\"controls\"><source type=\"audio\/mpeg\" src=\"http:\/\/es.valeriapelka.com\/wp-content\/uploads\/2024\/10\/BEYOND-RITUALS-Valeria-Pelka.mp3?_=3\" \/><a href=\"http:\/\/es.valeriapelka.com\/wp-content\/uploads\/2024\/10\/BEYOND-RITUALS-Valeria-Pelka.mp3\">http:\/\/es.valeriapelka.com\/wp-content\/uploads\/2024\/10\/BEYOND-RITUALS-Valeria-Pelka.mp3<\/a><\/audio>\n<div class=\"_df_book df-lite\" id=\"df_470\"  class=\"\" id=\"470\" type=\"book\" data-title=\"\" _slug=\"470\" wpoptions=\"true\" thumbtype=\"bg\" ><p class=\"df-raw-loading\">Please wait while flipbook is loading. For more related info, FAQs and issues please refer to <a href=\"https:\/\/wordpress.org\/plugins\/3d-flipbook-dflip-lite\/#installation\">DearFlip WordPress Flipbook Plugin Help<\/a> documentation.<\/p><\/div><script class=\"df-shortcode-script\" type=\"application\/javascript\">window.option_df_470 = {\"outline\":[],\"forceFit\":\"true\",\"autoEnableOutline\":\"false\",\"autoEnableThumbnail\":\"false\",\"overwritePDFOutline\":\"false\",\"enableDownload\":\"false\",\"direction\":\"1\",\"pageSize\":\"0\",\"source\":\"http:\\\/\\\/es.valeriapelka.com\\\/wp-content\\\/uploads\\\/2024\\\/10\\\/BEYOND-RITUALS-Valeria-Pelka-Perusal-1-20.pdf\",\"wpOptions\":\"true\"}; if(window.DFLIP && window.DFLIP.parseBooks){window.DFLIP.parseBooks();}<\/script>\n<p>&nbsp;<\/p>\n<p><img loading=\"lazy\" decoding=\"async\" class=\" wp-image-485 aligncenter\" src=\"http:\/\/es.valeriapelka.com\/wp-content\/uploads\/2025\/01\/camdom-orquesta.png\" alt=\"\" width=\"539\" height=\"207\" srcset=\"https:\/\/es.valeriapelka.com\/wp-content\/uploads\/2025\/01\/camdom-orquesta.png 594w, https:\/\/es.valeriapelka.com\/wp-content\/uploads\/2025\/01\/camdom-orquesta-300x115.png 300w, https:\/\/es.valeriapelka.com\/wp-content\/uploads\/2025\/01\/camdom-orquesta-24x9.png 24w, https:\/\/es.valeriapelka.com\/wp-content\/uploads\/2025\/01\/camdom-orquesta-36x14.png 36w, https:\/\/es.valeriapelka.com\/wp-content\/uploads\/2025\/01\/camdom-orquesta-90x35.png 90w\" sizes=\"(max-width: 539px) 100vw, 539px\" \/><\/p>\n<p><span style=\"font-weight: 400;\">&#8220;CANDOM&#8221; es una obra escrita para plasmar los sentimientos producidos por el color y la velocidad de la vida en las dos grandes ciudades del R\u00edo de la Plata &#8211; Buenos Aires y Montevideo &#8211; aprovechando el ritmo que las une mejor que ning\u00fan otro: el candombe. Este ritmo de ra\u00edces africanas, hoy uruguayo por excelencia, en otros siglos era tan montevideano como porte\u00f1o.<br \/>\nCompuesta en el mes de febrero, esta obra est\u00e1 influenciada por el advenimiento del carnaval. Y puesto que el carnaval rioplatense est\u00e1 rodeado de personajes que evocan con una mezcla de alegr\u00eda y nostalgia, Candom atraviesa gran cantidad de emociones, como las atraviesa todo ser humano que pasa por esta existencia con pasi\u00f3n y compromiso.<\/span><\/p>\n<p>Instrumentation: 2 &#8211; 2 &#8211; 2 &#8211; 2 ; 4 &#8211; 2 &#8211; 3 &#8211; 1 ; timp + 4, pno, strings<\/p>\n<p>Duraci\u00f3n: 6:30 min<\/p>\n<audio class=\"wp-audio-shortcode\" id=\"audio-35-4\" preload=\"none\" style=\"width: 100%;\" controls=\"controls\"><source type=\"audio\/mpeg\" src=\"http:\/\/es.valeriapelka.com\/wp-content\/uploads\/2025\/01\/CANDOM-for-orchestra-Valeria-Pelka.mp3?_=4\" \/><a href=\"http:\/\/es.valeriapelka.com\/wp-content\/uploads\/2025\/01\/CANDOM-for-orchestra-Valeria-Pelka.mp3\">http:\/\/es.valeriapelka.com\/wp-content\/uploads\/2025\/01\/CANDOM-for-orchestra-Valeria-Pelka.mp3<\/a><\/audio>\n<div class=\"_df_book df-lite\" id=\"df_576\"  class=\"\" id=\"576\" type=\"book\" data-title=\"candom-for-symphony-orchestra\" _slug=\"candom-for-symphony-orchestra\" wpoptions=\"true\" thumbtype=\"bg\" ><p class=\"df-raw-loading\">Please wait while flipbook is loading. For more related info, FAQs and issues please refer to <a href=\"https:\/\/wordpress.org\/plugins\/3d-flipbook-dflip-lite\/#installation\">DearFlip WordPress Flipbook Plugin Help<\/a> documentation.<\/p><\/div><script class=\"df-shortcode-script\" type=\"application\/javascript\">window.option_df_576 = {\"outline\":[],\"forceFit\":\"true\",\"autoEnableOutline\":\"false\",\"autoEnableThumbnail\":\"false\",\"overwritePDFOutline\":\"false\",\"enableDownload\":\"false\",\"direction\":\"1\",\"pageSize\":\"0\",\"source\":\"http:\\\/\\\/es.valeriapelka.com\\\/wp-content\\\/uploads\\\/2026\\\/03\\\/CANDOM-for-symphony-orchestra-Valeria-Pelka-perusal-score-1-14.pdf\",\"wpOptions\":\"true\"}; if(window.DFLIP && window.DFLIP.parseBooks){window.DFLIP.parseBooks();}<\/script>\n<p>&nbsp;<\/p>\n<p><img loading=\"lazy\" decoding=\"async\" class=\" wp-image-282 aligncenter\" src=\"http:\/\/es.valeriapelka.com\/wp-content\/uploads\/2023\/10\/DARSENA-SUR.png\" alt=\"\" width=\"642\" height=\"239\" srcset=\"https:\/\/es.valeriapelka.com\/wp-content\/uploads\/2023\/10\/DARSENA-SUR.png 991w, https:\/\/es.valeriapelka.com\/wp-content\/uploads\/2023\/10\/DARSENA-SUR-300x112.png 300w, https:\/\/es.valeriapelka.com\/wp-content\/uploads\/2023\/10\/DARSENA-SUR-768x286.png 768w, https:\/\/es.valeriapelka.com\/wp-content\/uploads\/2023\/10\/DARSENA-SUR-24x9.png 24w, https:\/\/es.valeriapelka.com\/wp-content\/uploads\/2023\/10\/DARSENA-SUR-36x13.png 36w, https:\/\/es.valeriapelka.com\/wp-content\/uploads\/2023\/10\/DARSENA-SUR-90x34.png 90w\" sizes=\"(max-width: 642px) 100vw, 642px\" \/><\/p>\n<p style=\"text-align: left;\">ESTA PIEZA FUE GALARDONADA CON EL TERCER PREMIO<br \/>\nEN EL CONCURSO PROVINCIAL DE OBRAS PARA ORQUESTA SINF\u00d3NICA<br \/>\n\u2018MARTA LAMBERTINI\u2019 \u2013 2023<\/p>\n<p><img loading=\"lazy\" decoding=\"async\" class=\"wp-image-283 aligncenter\" src=\"http:\/\/es.valeriapelka.com\/wp-content\/uploads\/2023\/10\/I-san-telmo.png\" alt=\"\" width=\"406\" height=\"131\" srcset=\"https:\/\/es.valeriapelka.com\/wp-content\/uploads\/2023\/10\/I-san-telmo.png 961w, https:\/\/es.valeriapelka.com\/wp-content\/uploads\/2023\/10\/I-san-telmo-300x97.png 300w, https:\/\/es.valeriapelka.com\/wp-content\/uploads\/2023\/10\/I-san-telmo-768x249.png 768w, https:\/\/es.valeriapelka.com\/wp-content\/uploads\/2023\/10\/I-san-telmo-24x8.png 24w, https:\/\/es.valeriapelka.com\/wp-content\/uploads\/2023\/10\/I-san-telmo-36x12.png 36w, https:\/\/es.valeriapelka.com\/wp-content\/uploads\/2023\/10\/I-san-telmo-90x29.png 90w\" sizes=\"(max-width: 406px) 100vw, 406px\" \/><\/p>\n<p>&nbsp;<\/p>\n<p><span style=\"font-weight: 400;\">D\u00c1RSENA SUR &#8211; I &#8211;\u00a0 &#8220;SAN TELMO&#8221;\u00a0 La t\u00edpica subdivisi\u00f3n 3-3-2 que proviene originalmente de la milonga, se ha convertido en el siglo XX en uno de los estilos caracter\u00edsticos de la m\u00fasica de Buenos Aires, ya sea en su versi\u00f3n \u201cadagio\u201d como en tempos m\u00e1s veloces, es reconocida en el mundo como una inconfundible m\u00fasica porte\u00f1a. Llevarla a la orquesta sinf\u00f3nica y moldear sus posibilidades formales, mel\u00f3dicas y arm\u00f3nicas es un juego sumamente estimulante.<\/span><\/p>\n<p><span style=\"font-weight: 400;\">En este movimiento se manifiesta mi deseo de propagar el estilo del tango moderno de mi ciudad, combin\u00e1ndolo con una de la forma m\u00e1s t\u00edpica del clasicismo, la forma sonata, desplegando melod\u00edas que queden en la memoria del oyente y entrelaz\u00e1ndolas con armon\u00edas que lo hagan sentir en casa, pero apelando siempre a a\u00f1adir pinceladas de sorpresa y novedad.\u00a0<\/span><\/p>\n<p>Instrumentaci\u00f3n: 2 &#8211; 2 &#8211; 2 &#8211; 2 ; 4 &#8211; 2 &#8211; 3 &#8211; 1 ; timp + 4, hp, strings<\/p>\n<p>Duraci\u00f3n: 6 min<\/p>\n<p>&nbsp;<\/p>\n<audio class=\"wp-audio-shortcode\" id=\"audio-35-5\" preload=\"none\" style=\"width: 100%;\" controls=\"controls\"><source type=\"audio\/mpeg\" src=\"http:\/\/es.valeriapelka.com\/wp-content\/uploads\/2021\/09\/SAN-TELMO-for-orchestra-Valeria-Pelka.mp3?_=5\" \/><a href=\"http:\/\/es.valeriapelka.com\/wp-content\/uploads\/2021\/09\/SAN-TELMO-for-orchestra-Valeria-Pelka.mp3\">http:\/\/es.valeriapelka.com\/wp-content\/uploads\/2021\/09\/SAN-TELMO-for-orchestra-Valeria-Pelka.mp3<\/a><\/audio>\n<div class=\"_df_book df-lite\" id=\"df_68\"  class=\"\" id=\"68\" type=\"book\" data-title=\"san-telmo\" _slug=\"san-telmo\" wpoptions=\"true\" thumbtype=\"bg\" ><p class=\"df-raw-loading\">Please wait while flipbook is loading. For more related info, FAQs and issues please refer to <a href=\"https:\/\/wordpress.org\/plugins\/3d-flipbook-dflip-lite\/#installation\">DearFlip WordPress Flipbook Plugin Help<\/a> documentation.<\/p><\/div><script class=\"df-shortcode-script\" type=\"application\/javascript\">window.option_df_68 = {\"outline\":[],\"forceFit\":\"true\",\"autoEnableOutline\":\"false\",\"autoEnableThumbnail\":\"false\",\"overwritePDFOutline\":\"false\",\"enableDownload\":\"false\",\"direction\":\"1\",\"pageSize\":\"0\",\"source\":\"http:\\\/\\\/es.valeriapelka.com\\\/wp-content\\\/uploads\\\/2021\\\/09\\\/DARSENA-SUR-I-SAN-TELMO-WEB-PERUSAL.pdf\",\"wpOptions\":\"true\"}; if(window.DFLIP && window.DFLIP.parseBooks){window.DFLIP.parseBooks();}<\/script>\n<p>&nbsp;<\/p>\n<p><img loading=\"lazy\" decoding=\"async\" class=\" wp-image-284 aligncenter\" src=\"http:\/\/es.valeriapelka.com\/wp-content\/uploads\/2023\/10\/II-la-boca.png\" alt=\"\" width=\"373\" height=\"136\" srcset=\"https:\/\/es.valeriapelka.com\/wp-content\/uploads\/2023\/10\/II-la-boca.png 775w, https:\/\/es.valeriapelka.com\/wp-content\/uploads\/2023\/10\/II-la-boca-300x110.png 300w, https:\/\/es.valeriapelka.com\/wp-content\/uploads\/2023\/10\/II-la-boca-768x280.png 768w, https:\/\/es.valeriapelka.com\/wp-content\/uploads\/2023\/10\/II-la-boca-24x9.png 24w, https:\/\/es.valeriapelka.com\/wp-content\/uploads\/2023\/10\/II-la-boca-36x13.png 36w, https:\/\/es.valeriapelka.com\/wp-content\/uploads\/2023\/10\/II-la-boca-90x33.png 90w\" sizes=\"(max-width: 373px) 100vw, 373px\" \/><\/p>\n<p>&nbsp;<\/p>\n<p><span style=\"font-weight: 400;\">D\u00c1RSENA SUR &#8211; II &#8211; &#8220;LA BOCA&#8221;\u00a0 es uno de los desaf\u00edos que me propongo desde hace a\u00f1os, llevar a una obra las pericias del contrapunto bachiano combin\u00e1ndolo con armon\u00edas contempor\u00e1neas y con los sonidos m\u00e1s populares de mi pa\u00eds.\u00a0<\/span><\/p>\n<p><span style=\"font-weight: 400;\">La milonga es para el porte\u00f1o uno de los estilos tangueros bailables por excelencia. El barrio, la gente, los vecinos, la comida al paso, el puerto, la historia de la ciudad, la \u201cporte\u00f1idad\u201d, todo ello nace en las esquinas del colorido y \u00fanico barrio de \u201cLa Boca\u201d, donde hace a\u00f1os encontraron asilo y trabajo los emigrados del mundo. \u201cLa Boca\u201d cambia de colores a distintas horas del d\u00eda, y tambi\u00e9n en la mirada de cada transe\u00fante, mientras permanece inalterable para los porte\u00f1os con el pasar de los a\u00f1os.\u00a0<\/span><\/p>\n<p><span style=\"font-weight: 400;\">El movimiento recorre diversas texturas, desde la m\u00e1s contrapunt\u00edstica a la homofon\u00eda, pasando por su puesto por melod\u00edas acompa\u00f1adas y jugando con los colores orquestales y armon\u00edas que atraviesan centurias desde el siglo XVII al\u00a0 XXI. Una oportunidad para dejarse sorprender por lo nuevo, percibiendo la alusi\u00f3n constante a lo hist\u00f3rico.\u00a0<\/span><\/p>\n<p>Instrumentaci\u00f3n: 2 &#8211; 2 &#8211; 2 &#8211; 2 ; 4 &#8211; 2 &#8211; 3 &#8211; 1 ; timp + 4, strings<\/p>\n<p>Duraci\u00f3n: 4 min<\/p>\n<p>&nbsp;<\/p>\n<audio class=\"wp-audio-shortcode\" id=\"audio-35-6\" preload=\"auto\" style=\"width: 100%;\" controls=\"controls\"><source type=\"audio\/mpeg\" src=\"http:\/\/es.valeriapelka.com\/wp-content\/uploads\/2023\/03\/LA-BOCA-Valeria-Pelka.mp3?_=6\" \/><a href=\"http:\/\/es.valeriapelka.com\/wp-content\/uploads\/2023\/03\/LA-BOCA-Valeria-Pelka.mp3\">http:\/\/es.valeriapelka.com\/wp-content\/uploads\/2023\/03\/LA-BOCA-Valeria-Pelka.mp3<\/a><\/audio>\n<div class=\"_df_book df-lite\" id=\"df_210\"  class=\"\" id=\"210\" type=\"book\" data-title=\"la-boca\" _slug=\"la-boca\" wpoptions=\"true\" thumbtype=\"bg\" ><p class=\"df-raw-loading\">Please wait while flipbook is loading. For more related info, FAQs and issues please refer to <a href=\"https:\/\/wordpress.org\/plugins\/3d-flipbook-dflip-lite\/#installation\">DearFlip WordPress Flipbook Plugin Help<\/a> documentation.<\/p><\/div><script class=\"df-shortcode-script\" type=\"application\/javascript\">window.option_df_210 = {\"outline\":[],\"forceFit\":\"true\",\"autoEnableOutline\":\"false\",\"autoEnableThumbnail\":\"false\",\"overwritePDFOutline\":\"false\",\"enableDownload\":\"false\",\"direction\":\"1\",\"pageSize\":\"0\",\"source\":\"http:\\\/\\\/es.valeriapelka.com\\\/wp-content\\\/uploads\\\/2021\\\/09\\\/DARSENA-SUR-II-LA-BOCA-WEB-PERUSAL.pdf\",\"wpOptions\":\"true\"}; if(window.DFLIP && window.DFLIP.parseBooks){window.DFLIP.parseBooks();}<\/script>\n<ul>\n<li>\u00a0Consultar por versi\u00f3n para Banda Sinf\u00f3nica \/ Ensamble de Vientos<\/li>\n<\/ul>\n<p>&nbsp;<\/p>\n<p>&nbsp;<\/p>\n<p><img loading=\"lazy\" decoding=\"async\" class=\" wp-image-10 aligncenter\" src=\"http:\/\/es.valeriapelka.com\/wp-content\/uploads\/2021\/09\/el-abasto.png\" alt=\"\" width=\"595\" height=\"236\" srcset=\"https:\/\/es.valeriapelka.com\/wp-content\/uploads\/2021\/09\/el-abasto.png 917w, https:\/\/es.valeriapelka.com\/wp-content\/uploads\/2021\/09\/el-abasto-300x119.png 300w, https:\/\/es.valeriapelka.com\/wp-content\/uploads\/2021\/09\/el-abasto-768x306.png 768w\" sizes=\"(max-width: 595px) 100vw, 595px\" \/><\/p>\n<p>&nbsp;<\/p>\n<p><span style=\"font-weight: 400;\">&#8220;EL ABASTO&#8221; manifiesta mi necesidad de reconectar con la m\u00fasica no solo de mi pa\u00eds y mi ciudad sino de mi propia historia. Esa m\u00fasica que me acompa\u00f1a como argentina y como porte\u00f1a desde mi ni\u00f1ez, sonando en la radio de la cocina, donde mi padre pasaba todos los domingos por la ma\u00f1ana cocinando para la familia hasta llegado el mediod\u00eda.<\/span><\/p>\n<p><span style=\"font-weight: 400;\">La intenci\u00f3n es abordar uno de los estilos distintivos de mi pa\u00eds y mi ciudad, el tango t\u00edpico argentino, sin pretender el purismo estil\u00edstico, sino precisamente lograr la mixtura de dicho estilo con la m\u00fasica sinf\u00f3nica, usando armon\u00edas tonales que se desarrollan desde\u00a0 una mirada m\u00e1s contempor\u00e1nea. Una fusi\u00f3n entre otras tantas posibles.\u00a0<\/span><\/p>\n<p><i><span style=\"font-weight: 400;\">Dedicada a mi pap\u00e1, qui\u00e9n seguramente la hubiera disfrutado mucho.\u00a0<\/span><\/i><\/p>\n<p>Instrumentaci\u00f3n: 2 &#8211; 2 &#8211; 2 &#8211; 2 ; 4 &#8211; 3 &#8211; 1 &#8211; 1 ; timp + 4, hp, strings<\/p>\n<p>Duraci\u00f3n: 4 min<\/p>\n<audio class=\"wp-audio-shortcode\" id=\"audio-35-7\" preload=\"none\" style=\"width: 100%;\" controls=\"controls\"><source type=\"audio\/mpeg\" src=\"http:\/\/es.valeriapelka.com\/wp-content\/uploads\/2021\/09\/EL-ABASTO-for-orchestra-Valeria-Pelka.mp3?_=7\" \/><a href=\"http:\/\/es.valeriapelka.com\/wp-content\/uploads\/2021\/09\/EL-ABASTO-for-orchestra-Valeria-Pelka.mp3\">http:\/\/es.valeriapelka.com\/wp-content\/uploads\/2021\/09\/EL-ABASTO-for-orchestra-Valeria-Pelka.mp3<\/a><\/audio>\n<div class=\"_df_book df-lite\" id=\"df_72\"  class=\"\" id=\"72\" type=\"book\" data-title=\"el-abasto\" _slug=\"el-abasto\" wpoptions=\"true\" thumbtype=\"bg\" ><p class=\"df-raw-loading\">Please wait while flipbook is loading. For more related info, FAQs and issues please refer to <a href=\"https:\/\/wordpress.org\/plugins\/3d-flipbook-dflip-lite\/#installation\">DearFlip WordPress Flipbook Plugin Help<\/a> documentation.<\/p><\/div><script class=\"df-shortcode-script\" type=\"application\/javascript\">window.option_df_72 = {\"outline\":[],\"forceFit\":\"true\",\"autoEnableOutline\":\"false\",\"autoEnableThumbnail\":\"false\",\"overwritePDFOutline\":\"false\",\"enableDownload\":\"false\",\"direction\":\"1\",\"pageSize\":\"0\",\"source\":\"http:\\\/\\\/es.valeriapelka.com\\\/wp-content\\\/uploads\\\/2021\\\/09\\\/El-abasto-per.pdf\",\"wpOptions\":\"true\"}; if(window.DFLIP && window.DFLIP.parseBooks){window.DFLIP.parseBooks();}<\/script>\n<ul>\n<li>Tambi\u00e9n para Banda Sinf\u00f3nica<\/li>\n<\/ul>\n<p>&nbsp;<\/p>\n<p>&nbsp;<\/p>\n<p>&nbsp;<\/p>\n<p><img loading=\"lazy\" decoding=\"async\" class=\" wp-image-312 aligncenter\" src=\"http:\/\/es.valeriapelka.com\/wp-content\/uploads\/2023\/10\/obras-para-banda.png\" alt=\"\" width=\"1020\" height=\"163\" srcset=\"https:\/\/es.valeriapelka.com\/wp-content\/uploads\/2023\/10\/obras-para-banda.png 839w, https:\/\/es.valeriapelka.com\/wp-content\/uploads\/2023\/10\/obras-para-banda-300x48.png 300w, https:\/\/es.valeriapelka.com\/wp-content\/uploads\/2023\/10\/obras-para-banda-768x123.png 768w, https:\/\/es.valeriapelka.com\/wp-content\/uploads\/2023\/10\/obras-para-banda-24x4.png 24w, https:\/\/es.valeriapelka.com\/wp-content\/uploads\/2023\/10\/obras-para-banda-36x6.png 36w, https:\/\/es.valeriapelka.com\/wp-content\/uploads\/2023\/10\/obras-para-banda-90x14.png 90w\" sizes=\"(max-width: 1020px) 100vw, 1020px\" \/><\/p>\n<p>&nbsp;<\/p>\n<p><img loading=\"lazy\" decoding=\"async\" class=\"wp-image-228 aligncenter\" src=\"http:\/\/es.valeriapelka.com\/wp-content\/uploads\/2021\/10\/El-Abasto-Vie\u202antos.png\" alt=\"\" width=\"512\" height=\"168\" srcset=\"https:\/\/es.valeriapelka.com\/wp-content\/uploads\/2021\/10\/El-Abasto-Vie\u202antos.png 1008w, https:\/\/es.valeriapelka.com\/wp-content\/uploads\/2021\/10\/El-Abasto-Vie\u202antos-300x99.png 300w, https:\/\/es.valeriapelka.com\/wp-content\/uploads\/2021\/10\/El-Abasto-Vie\u202antos-768x252.png 768w, https:\/\/es.valeriapelka.com\/wp-content\/uploads\/2021\/10\/El-Abasto-Vie\u202antos-24x8.png 24w, https:\/\/es.valeriapelka.com\/wp-content\/uploads\/2021\/10\/El-Abasto-Vie\u202antos-36x12.png 36w, https:\/\/es.valeriapelka.com\/wp-content\/uploads\/2021\/10\/El-Abasto-Vie\u202antos-90x30.png 90w\" sizes=\"(max-width: 512px) 100vw, 512px\" \/><\/p>\n<p>&nbsp;<\/p>\n<p><span style=\"font-weight: 400;\">&#8220;EL ABASTO&#8221; manifiesta mi necesidad de reconectar con la m\u00fasica no solo de mi pa\u00eds y mi ciudad sino de mi propia historia. Esa m\u00fasica que me acompa\u00f1a como argentina y como porte\u00f1a desde mi ni\u00f1ez, sonando en la radio de la cocina, donde mi padre pasaba todos los domingos por la ma\u00f1ana cocinando para la familia hasta llegado el mediod\u00eda.<\/span><\/p>\n<p><span style=\"font-weight: 400;\">La intenci\u00f3n es abordar uno de los estilos distintivos de mi pa\u00eds y mi ciudad, el tango t\u00edpico argentino, sin pretender el purismo estil\u00edstico, sino precisamente lograr la mixtura de dicho estilo con la m\u00fasica sinf\u00f3nica, usando armon\u00edas tonales que se desarrollan desde\u00a0 una mirada m\u00e1s contempor\u00e1nea. Una fusi\u00f3n entre otras tantas posibles.\u00a0<\/span><\/p>\n<p><i><span style=\"font-weight: 400;\">Dedicada a mi pap\u00e1, qui\u00e9n seguramente la hubiera disfrutado mucho.\u00a0<\/span><\/i><\/p>\n<p>Duraci\u00f3n: 4 min<\/p>\n<audio class=\"wp-audio-shortcode\" id=\"audio-35-8\" preload=\"none\" style=\"width: 100%;\" controls=\"controls\"><source type=\"audio\/mpeg\" src=\"http:\/\/es.valeriapelka.com\/wp-content\/uploads\/2021\/10\/El-abasto-Wind-Ensemble-Valeria-Pelka.mp3?_=8\" \/><a href=\"http:\/\/es.valeriapelka.com\/wp-content\/uploads\/2021\/10\/El-abasto-Wind-Ensemble-Valeria-Pelka.mp3\">http:\/\/es.valeriapelka.com\/wp-content\/uploads\/2021\/10\/El-abasto-Wind-Ensemble-Valeria-Pelka.mp3<\/a><\/audio>\n<div class=\"_df_book df-lite\" id=\"df_229\"  class=\"\" id=\"229\" type=\"book\" data-title=\"\" _slug=\"229\" wpoptions=\"true\" thumbtype=\"bg\" ><p class=\"df-raw-loading\">Please wait while flipbook is loading. For more related info, FAQs and issues please refer to <a href=\"https:\/\/wordpress.org\/plugins\/3d-flipbook-dflip-lite\/#installation\">DearFlip WordPress Flipbook Plugin Help<\/a> documentation.<\/p><\/div><script class=\"df-shortcode-script\" type=\"application\/javascript\">window.option_df_229 = {\"outline\":[],\"forceFit\":\"true\",\"autoEnableOutline\":\"false\",\"autoEnableThumbnail\":\"false\",\"overwritePDFOutline\":\"false\",\"enableDownload\":\"false\",\"direction\":\"1\",\"pageSize\":\"0\",\"source\":\"http:\\\/\\\/es.valeriapelka.com\\\/wp-content\\\/uploads\\\/2021\\\/10\\\/EL-ABASTO-For-Wind-Ensemble-Valeria-Pelka.pdf\",\"wpOptions\":\"true\"}; if(window.DFLIP && window.DFLIP.parseBooks){window.DFLIP.parseBooks();}<\/script>\n<p>&nbsp;<\/p>\n<p>&nbsp;<\/p>\n<p><img loading=\"lazy\" decoding=\"async\" class=\" wp-image-311 aligncenter\" src=\"http:\/\/es.valeriapelka.com\/wp-content\/uploads\/2023\/10\/obras-de-camara.png\" alt=\"\" width=\"994\" height=\"190\" srcset=\"https:\/\/es.valeriapelka.com\/wp-content\/uploads\/2023\/10\/obras-de-camara.png 790w, https:\/\/es.valeriapelka.com\/wp-content\/uploads\/2023\/10\/obras-de-camara-300x57.png 300w, https:\/\/es.valeriapelka.com\/wp-content\/uploads\/2023\/10\/obras-de-camara-768x147.png 768w, https:\/\/es.valeriapelka.com\/wp-content\/uploads\/2023\/10\/obras-de-camara-24x5.png 24w, https:\/\/es.valeriapelka.com\/wp-content\/uploads\/2023\/10\/obras-de-camara-36x7.png 36w, https:\/\/es.valeriapelka.com\/wp-content\/uploads\/2023\/10\/obras-de-camara-90x17.png 90w\" sizes=\"(max-width: 994px) 100vw, 994px\" \/><\/p>\n<p><img loading=\"lazy\" decoding=\"async\" class=\"wp-image-380 aligncenter\" src=\"http:\/\/es.valeriapelka.com\/wp-content\/uploads\/2023\/12\/Candom-cuerdas.png\" alt=\"\" width=\"599\" height=\"220\" srcset=\"https:\/\/es.valeriapelka.com\/wp-content\/uploads\/2023\/12\/Candom-cuerdas.png 1015w, https:\/\/es.valeriapelka.com\/wp-content\/uploads\/2023\/12\/Candom-cuerdas-300x110.png 300w, https:\/\/es.valeriapelka.com\/wp-content\/uploads\/2023\/12\/Candom-cuerdas-768x282.png 768w, https:\/\/es.valeriapelka.com\/wp-content\/uploads\/2023\/12\/Candom-cuerdas-24x9.png 24w, https:\/\/es.valeriapelka.com\/wp-content\/uploads\/2023\/12\/Candom-cuerdas-36x13.png 36w, https:\/\/es.valeriapelka.com\/wp-content\/uploads\/2023\/12\/Candom-cuerdas-90x33.png 90w\" sizes=\"(max-width: 599px) 100vw, 599px\" \/><\/p>\n<p>&nbsp;<\/p>\n<p><span style=\"font-weight: 400;\">&#8220;CANDOM&#8221; es una obra escrita para plasmar los sentimientos producidos por el color y la velocidad de la vida en las dos grandes ciudades del R\u00edo de la Plata &#8211; Buenos Aires y Montevideo &#8211;\u00a0 aprovechando el ritmo que las une mejor que ning\u00fan otro: el candombe. Este ritmo de ra\u00edces africanas, hoy uruguayo por excelencia, en otros siglos era tan montevideano como porte\u00f1o.\u00a0<\/span><\/p>\n<p><span style=\"font-weight: 400;\">Compuesta en el mes de febrero, esta obra est\u00e1 influenciada por el advenimiento del carnaval. Y puesto que el carnaval rioplatense est\u00e1 rodeado de personajes que evocan con una mezcla de alegr\u00eda y nostalgia, Candom atraviesa gran cantidad de emociones, como las atraviesa todo ser humano que pasa por esta existencia con pasi\u00f3n y compromiso.\u00a0<\/span><\/p>\n<p>Duraci\u00f3n: 6:30 min<\/p>\n<audio class=\"wp-audio-shortcode\" id=\"audio-35-9\" preload=\"none\" style=\"width: 100%;\" controls=\"controls\"><source type=\"audio\/mpeg\" src=\"http:\/\/es.valeriapelka.com\/wp-content\/uploads\/2023\/12\/CANDOM-for-chamber-orchestra.mp3?_=9\" \/><a href=\"http:\/\/es.valeriapelka.com\/wp-content\/uploads\/2023\/12\/CANDOM-for-chamber-orchestra.mp3\">http:\/\/es.valeriapelka.com\/wp-content\/uploads\/2023\/12\/CANDOM-for-chamber-orchestra.mp3<\/a><\/audio>\n<div class=\"_df_book df-lite\" id=\"df_572\"  class=\"\" id=\"572\" type=\"book\" data-title=\"candom-for-string-orchestra\" _slug=\"candom-for-string-orchestra-2\" wpoptions=\"true\" thumbtype=\"bg\" ><p class=\"df-raw-loading\">Please wait while flipbook is loading. For more related info, FAQs and issues please refer to <a href=\"https:\/\/wordpress.org\/plugins\/3d-flipbook-dflip-lite\/#installation\">DearFlip WordPress Flipbook Plugin Help<\/a> documentation.<\/p><\/div><script class=\"df-shortcode-script\" type=\"application\/javascript\">window.option_df_572 = {\"outline\":[],\"forceFit\":\"true\",\"autoEnableOutline\":\"false\",\"autoEnableThumbnail\":\"false\",\"overwritePDFOutline\":\"false\",\"enableDownload\":\"false\",\"direction\":\"1\",\"pageSize\":\"0\",\"source\":\"http:\\\/\\\/es.valeriapelka.com\\\/wp-content\\\/uploads\\\/2026\\\/03\\\/CANDOM-for-string-orchestra-PERUSAL-SCORE-1-12.pdf\",\"wpOptions\":\"true\"}; if(window.DFLIP && window.DFLIP.parseBooks){window.DFLIP.parseBooks();}<\/script>\n<p>&nbsp;<\/p>\n<p><img loading=\"lazy\" decoding=\"async\" class=\"wp-image-519 aligncenter\" src=\"http:\/\/es.valeriapelka.com\/wp-content\/uploads\/2025\/04\/El-Abasto-cuerdas.png\" alt=\"\" width=\"616\" height=\"209\" srcset=\"https:\/\/es.valeriapelka.com\/wp-content\/uploads\/2025\/04\/El-Abasto-cuerdas.png 504w, https:\/\/es.valeriapelka.com\/wp-content\/uploads\/2025\/04\/El-Abasto-cuerdas-300x102.png 300w, https:\/\/es.valeriapelka.com\/wp-content\/uploads\/2025\/04\/El-Abasto-cuerdas-24x8.png 24w, https:\/\/es.valeriapelka.com\/wp-content\/uploads\/2025\/04\/El-Abasto-cuerdas-36x12.png 36w, https:\/\/es.valeriapelka.com\/wp-content\/uploads\/2025\/04\/El-Abasto-cuerdas-90x31.png 90w\" sizes=\"(max-width: 616px) 100vw, 616px\" \/><\/p>\n<p><span style=\"font-weight: 400;\">&#8220;EL ABASTO&#8221; manifiesta mi necesidad de reconectar con la m\u00fasica no solo de mi pa\u00eds y mi ciudad sino de mi propia historia. Esa m\u00fasica que me acompa\u00f1a como argentina y como porte\u00f1a desde mi ni\u00f1ez, sonando en la radio de la cocina, donde mi padre pasaba todos los domingos por la ma\u00f1ana cocinando para la familia hasta llegado el mediod\u00eda.<\/span><\/p>\n<p><span style=\"font-weight: 400;\">La intenci\u00f3n es abordar uno de los estilos distintivos de mi pa\u00eds y mi ciudad, el tango t\u00edpico argentino, sin pretender el purismo estil\u00edstico, sino precisamente lograr la mixtura de dicho estilo con la m\u00fasica sinf\u00f3nica, usando armon\u00edas tonales que se desarrollan desde\u00a0 una mirada m\u00e1s contempor\u00e1nea. Una fusi\u00f3n entre otras tantas posibles.\u00a0<\/span><\/p>\n<p><i><span style=\"font-weight: 400;\">Dedicada a mi pap\u00e1, qui\u00e9n seguramente la hubiera disfrutado mucho.\u00a0<\/span><\/i><\/p>\n<p>Duraci\u00f3n: 4 min<\/p>\n<audio class=\"wp-audio-shortcode\" id=\"audio-35-10\" preload=\"none\" style=\"width: 100%;\" controls=\"controls\"><source type=\"audio\/mpeg\" src=\"http:\/\/es.valeriapelka.com\/wp-content\/uploads\/2025\/04\/EL-ABASTO-for-string-orchestra-Valeria-Pelka.mp3?_=10\" \/><a href=\"http:\/\/es.valeriapelka.com\/wp-content\/uploads\/2025\/04\/EL-ABASTO-for-string-orchestra-Valeria-Pelka.mp3\">http:\/\/es.valeriapelka.com\/wp-content\/uploads\/2025\/04\/EL-ABASTO-for-string-orchestra-Valeria-Pelka.mp3<\/a><\/audio>\n<div class=\"_df_book df-lite\" id=\"df_522\"  class=\"\" id=\"522\" type=\"book\" data-title=\"el-abasto-cuerdas\" _slug=\"el-abasto-cuerdas\" wpoptions=\"true\" thumbtype=\"bg\" ><p class=\"df-raw-loading\">Please wait while flipbook is loading. For more related info, FAQs and issues please refer to <a href=\"https:\/\/wordpress.org\/plugins\/3d-flipbook-dflip-lite\/#installation\">DearFlip WordPress Flipbook Plugin Help<\/a> documentation.<\/p><\/div><script class=\"df-shortcode-script\" type=\"application\/javascript\">window.option_df_522 = {\"outline\":[],\"forceFit\":\"true\",\"autoEnableOutline\":\"false\",\"autoEnableThumbnail\":\"false\",\"overwritePDFOutline\":\"false\",\"enableDownload\":\"false\",\"direction\":\"1\",\"pageSize\":\"0\",\"source\":\"http:\\\/\\\/es.valeriapelka.com\\\/wp-content\\\/uploads\\\/2025\\\/04\\\/EL-ABASTO-for-string-orchestra-WEB-PERUSAL.pdf\",\"wpOptions\":\"true\"}; if(window.DFLIP && window.DFLIP.parseBooks){window.DFLIP.parseBooks();}<\/script>\n<p>&nbsp;<\/p>\n<p>&nbsp;<\/p>\n<p>&nbsp;<\/p>\n<p><img loading=\"lazy\" decoding=\"async\" class=\" wp-image-12 aligncenter\" src=\"http:\/\/es.valeriapelka.com\/wp-content\/uploads\/2021\/09\/en-la-orilla.png\" alt=\"\" width=\"673\" height=\"197\" srcset=\"https:\/\/es.valeriapelka.com\/wp-content\/uploads\/2021\/09\/en-la-orilla.png 649w, https:\/\/es.valeriapelka.com\/wp-content\/uploads\/2021\/09\/en-la-orilla-300x88.png 300w\" sizes=\"(max-width: 673px) 100vw, 673px\" \/><\/p>\n<p><span style=\"font-weight: 400;\">EN LA ORILLA &#8211; La esperanza de alcanzar una vida m\u00e1s feliz. La desesperada necesidad de arriesgarlo todo para concretar un sue\u00f1o. La p\u00e9rdida m\u00e1s absoluta e irrevocable de lo m\u00e1s preciado que tenemos. La imposibilidad de dar marcha atr\u00e1s. El dolor filtr\u00e1ndose en el alma de quien queda para apreciar lo ocurrido.<\/span><\/p>\n<p><span style=\"font-weight: 400;\">Un hombre salvadore\u00f1o y su hija de un a\u00f1o y 11 meses, fueron hallados en las orillas del r\u00edo Bravo. Murieron ahogados el domingo 23 de junio de 2019, tras ser arrastrados por la corriente del r\u00edo, al intentar cruzar por Matamoros, del estado mexicano de Tamaulipas, hacia Estados Unidos. Se hundieron ante la mirada de la madre de la ni\u00f1a, antes de llegar a la costa estadounidense.\u00a0<\/span><\/p>\n<p>Duraci\u00f3n: 7:30 min<\/p>\n<audio class=\"wp-audio-shortcode\" id=\"audio-35-11\" preload=\"none\" style=\"width: 100%;\" controls=\"controls\"><source type=\"audio\/mpeg\" src=\"http:\/\/es.valeriapelka.com\/wp-content\/uploads\/2021\/09\/EN-LA-ORILLA.mp3?_=11\" \/><a href=\"http:\/\/es.valeriapelka.com\/wp-content\/uploads\/2021\/09\/EN-LA-ORILLA.mp3\">http:\/\/es.valeriapelka.com\/wp-content\/uploads\/2021\/09\/EN-LA-ORILLA.mp3<\/a><\/audio>\n<div class=\"_df_book df-lite\" id=\"df_80\"  class=\"\" id=\"80\" type=\"book\" data-title=\"en-la-orilla\" _slug=\"en-la-orilla\" wpoptions=\"true\" thumbtype=\"bg\" ><p class=\"df-raw-loading\">Please wait while flipbook is loading. For more related info, FAQs and issues please refer to <a href=\"https:\/\/wordpress.org\/plugins\/3d-flipbook-dflip-lite\/#installation\">DearFlip WordPress Flipbook Plugin Help<\/a> documentation.<\/p><\/div><script class=\"df-shortcode-script\" type=\"application\/javascript\">window.option_df_80 = {\"outline\":[],\"forceFit\":\"true\",\"autoEnableOutline\":\"false\",\"autoEnableThumbnail\":\"false\",\"overwritePDFOutline\":\"false\",\"enableDownload\":\"false\",\"direction\":\"1\",\"pageSize\":\"0\",\"source\":\"http:\\\/\\\/es.valeriapelka.com\\\/wp-content\\\/uploads\\\/2021\\\/09\\\/EN-LA-ORILLA-PERUSAL-C.pdf\",\"wpOptions\":\"true\"}; if(window.DFLIP && window.DFLIP.parseBooks){window.DFLIP.parseBooks();}<\/script>\n<ul>\n<li>\u00a0Consultar por versi\u00f3n para Orquesta Sinf\u00f3nica<\/li>\n<\/ul>\n<p>&nbsp;<\/p>\n<p>&nbsp;<\/p>\n<p>&nbsp;<\/p>\n<p><img loading=\"lazy\" decoding=\"async\" class=\" wp-image-21 aligncenter\" src=\"http:\/\/es.valeriapelka.com\/wp-content\/uploads\/2021\/09\/reminiscencias.png\" alt=\"\" width=\"699\" height=\"177\" srcset=\"https:\/\/es.valeriapelka.com\/wp-content\/uploads\/2021\/09\/reminiscencias.png 1173w, https:\/\/es.valeriapelka.com\/wp-content\/uploads\/2021\/09\/reminiscencias-300x76.png 300w, https:\/\/es.valeriapelka.com\/wp-content\/uploads\/2021\/09\/reminiscencias-1024x259.png 1024w, https:\/\/es.valeriapelka.com\/wp-content\/uploads\/2021\/09\/reminiscencias-768x194.png 768w\" sizes=\"(max-width: 699px) 100vw, 699px\" \/><\/p>\n<p><span style=\"font-weight: 400;\">&#8220;REMINISCENCES&#8221; es una obra que est\u00e1 basada en im\u00e1genes. Describe el despegar de la vida y salir al mundo con las esperanzas y miedos que todo esto implica. Tambi\u00e9n aborda la idea de dejarlo todo atr\u00e1s, en el pasado. Evoca un manto de melancol\u00eda, llen\u00e1ndose de esas sutiles reminiscencias de lo que un d\u00eda fue y somos conscientes de que nunca volver\u00e1.<\/span><\/p>\n<p>Duraci\u00f3n: 4:15 min<\/p>\n<audio class=\"wp-audio-shortcode\" id=\"audio-35-12\" preload=\"none\" style=\"width: 100%;\" controls=\"controls\"><source type=\"audio\/mpeg\" src=\"http:\/\/es.valeriapelka.com\/wp-content\/uploads\/2021\/09\/REMINISCENCES.mp3?_=12\" \/><a href=\"http:\/\/es.valeriapelka.com\/wp-content\/uploads\/2021\/09\/REMINISCENCES.mp3\">http:\/\/es.valeriapelka.com\/wp-content\/uploads\/2021\/09\/REMINISCENCES.mp3<\/a><\/audio>\n<div class=\"_df_book df-lite\" id=\"df_76\"  class=\"\" id=\"76\" type=\"book\" data-title=\"reminiscences\" _slug=\"reminiscences\" wpoptions=\"true\" thumbtype=\"bg\" ><p class=\"df-raw-loading\">Please wait while flipbook is loading. For more related info, FAQs and issues please refer to <a href=\"https:\/\/wordpress.org\/plugins\/3d-flipbook-dflip-lite\/#installation\">DearFlip WordPress Flipbook Plugin Help<\/a> documentation.<\/p><\/div><script class=\"df-shortcode-script\" type=\"application\/javascript\">window.option_df_76 = {\"outline\":[],\"forceFit\":\"true\",\"autoEnableOutline\":\"false\",\"autoEnableThumbnail\":\"false\",\"overwritePDFOutline\":\"false\",\"enableDownload\":\"false\",\"direction\":\"1\",\"pageSize\":\"0\",\"source\":\"http:\\\/\\\/es.valeriapelka.com\\\/wp-content\\\/uploads\\\/2021\\\/09\\\/REMINICENCES-PERUSAL-C.pdf\",\"wpOptions\":\"true\"}; if(window.DFLIP && window.DFLIP.parseBooks){window.DFLIP.parseBooks();}<\/script>\n<ul>\n<li>Tambi\u00e9n para Ensamble: Fl, Bb Cl, El. Gtr, Perc, Pno, Vln, Vla, Vc.<\/li>\n<\/ul>\n<p>&nbsp;<\/p>\n<p>&nbsp;<\/p>\n<p>&nbsp;<\/p>\n<p><img loading=\"lazy\" decoding=\"async\" class=\" wp-image-24 aligncenter\" src=\"http:\/\/es.valeriapelka.com\/wp-content\/uploads\/2021\/09\/the-search.png\" alt=\"\" width=\"683\" height=\"192\" srcset=\"https:\/\/es.valeriapelka.com\/wp-content\/uploads\/2021\/09\/the-search.png 1201w, https:\/\/es.valeriapelka.com\/wp-content\/uploads\/2021\/09\/the-search-300x84.png 300w, https:\/\/es.valeriapelka.com\/wp-content\/uploads\/2021\/09\/the-search-1024x287.png 1024w, https:\/\/es.valeriapelka.com\/wp-content\/uploads\/2021\/09\/the-search-768x216.png 768w\" sizes=\"(max-width: 683px) 100vw, 683px\" \/><\/p>\n<p><span style=\"font-weight: 400;\">THE SEARCH &#8211; La marcha es emprendida por cada uno de los actores que compiten por el protagonismo, apareciendo en cada caso como la voz l\u00edder. No s\u00f3lo los timbres, sino las ideas, que parecen principales en determinado momento, pasan a ser secundarias en otros. Una constante b\u00fasqueda de qui\u00e9n porta la verdadera conducci\u00f3n del discurso que se definir\u00e1 por momentos y se desdibujar\u00e1 en otros dejando al oyente la pregunta, \u00bfcu\u00e1l fue el tema? <\/span><\/p>\n<p>Duraci\u00f3n: 4:20 min<\/p>\n<audio class=\"wp-audio-shortcode\" id=\"audio-35-13\" preload=\"none\" style=\"width: 100%;\" controls=\"controls\"><source type=\"audio\/mpeg\" src=\"http:\/\/es.valeriapelka.com\/wp-content\/uploads\/2021\/09\/THE-SEARCH.mp3?_=13\" \/><a href=\"http:\/\/es.valeriapelka.com\/wp-content\/uploads\/2021\/09\/THE-SEARCH.mp3\">http:\/\/es.valeriapelka.com\/wp-content\/uploads\/2021\/09\/THE-SEARCH.mp3<\/a><\/audio>\n<div class=\"_df_book df-lite\" id=\"df_84\"  class=\"\" id=\"84\" type=\"book\" data-title=\"the-search\" _slug=\"the-search\" wpoptions=\"true\" thumbtype=\"bg\" ><p class=\"df-raw-loading\">Please wait while flipbook is loading. For more related info, FAQs and issues please refer to <a href=\"https:\/\/wordpress.org\/plugins\/3d-flipbook-dflip-lite\/#installation\">DearFlip WordPress Flipbook Plugin Help<\/a> documentation.<\/p><\/div><script class=\"df-shortcode-script\" type=\"application\/javascript\">window.option_df_84 = {\"outline\":[],\"forceFit\":\"true\",\"autoEnableOutline\":\"false\",\"autoEnableThumbnail\":\"false\",\"overwritePDFOutline\":\"false\",\"enableDownload\":\"false\",\"direction\":\"1\",\"pageSize\":\"0\",\"source\":\"http:\\\/\\\/es.valeriapelka.com\\\/wp-content\\\/uploads\\\/2021\\\/09\\\/THE-SEARCH-PERUSAL-C.pdf\",\"wpOptions\":\"true\"}; if(window.DFLIP && window.DFLIP.parseBooks){window.DFLIP.parseBooks();}<\/script>\n<ul>\n<li><span style=\"font-weight: 400;\">Tambi\u00e9n para Ensamble: Fl, Bb Cl, El. Gtr, Perc, Pno, Vln, Vla, Vc.<\/span><\/li>\n<\/ul>\n<p>&nbsp;<\/p>\n<p>&nbsp;<\/p>\n<p>&nbsp;<\/p>\n<p><img loading=\"lazy\" decoding=\"async\" class=\" wp-image-23 aligncenter\" src=\"http:\/\/es.valeriapelka.com\/wp-content\/uploads\/2021\/09\/the-chase.png\" alt=\"\" width=\"588\" height=\"168\" srcset=\"https:\/\/es.valeriapelka.com\/wp-content\/uploads\/2021\/09\/the-chase.png 1061w, https:\/\/es.valeriapelka.com\/wp-content\/uploads\/2021\/09\/the-chase-300x86.png 300w, https:\/\/es.valeriapelka.com\/wp-content\/uploads\/2021\/09\/the-chase-1024x292.png 1024w, https:\/\/es.valeriapelka.com\/wp-content\/uploads\/2021\/09\/the-chase-768x219.png 768w\" sizes=\"(max-width: 588px) 100vw, 588px\" \/><\/p>\n<p><span style=\"font-weight: 400;\">THE CHASE &#8211; La sensaci\u00f3n de v\u00e9rtigo y el movimiento \u201cfugado\u201d de sus voces confieren a \u201cThe Chase\u201d su caracter\u00edstica primordial, un constante devenir y premura. El advenimiento del precipicio sin escapatoria.\u00a0<\/span><\/p>\n<p>Duraci\u00f3n: 4:20 min<\/p>\n<audio class=\"wp-audio-shortcode\" id=\"audio-35-14\" preload=\"none\" style=\"width: 100%;\" controls=\"controls\"><source type=\"audio\/mpeg\" src=\"http:\/\/es.valeriapelka.com\/wp-content\/uploads\/2021\/09\/THE-CHASE.mp3?_=14\" \/><a href=\"http:\/\/es.valeriapelka.com\/wp-content\/uploads\/2021\/09\/THE-CHASE.mp3\">http:\/\/es.valeriapelka.com\/wp-content\/uploads\/2021\/09\/THE-CHASE.mp3<\/a><\/audio>\n<div class=\"_df_book df-lite\" id=\"df_88\"  class=\"\" id=\"88\" type=\"book\" data-title=\"the-chase\" _slug=\"the-chase\" wpoptions=\"true\" thumbtype=\"bg\" ><p class=\"df-raw-loading\">Please wait while flipbook is loading. For more related info, FAQs and issues please refer to <a href=\"https:\/\/wordpress.org\/plugins\/3d-flipbook-dflip-lite\/#installation\">DearFlip WordPress Flipbook Plugin Help<\/a> documentation.<\/p><\/div><script class=\"df-shortcode-script\" type=\"application\/javascript\">window.option_df_88 = {\"outline\":[],\"forceFit\":\"true\",\"autoEnableOutline\":\"false\",\"autoEnableThumbnail\":\"false\",\"overwritePDFOutline\":\"false\",\"enableDownload\":\"false\",\"direction\":\"1\",\"pageSize\":\"0\",\"source\":\"http:\\\/\\\/es.valeriapelka.com\\\/wp-content\\\/uploads\\\/2021\\\/09\\\/THE-CHASE-PERUSAL-C.pdf\",\"wpOptions\":\"true\"}; if(window.DFLIP && window.DFLIP.parseBooks){window.DFLIP.parseBooks();}<\/script>\n<ul>\n<li>Tambi\u00e9n para Ensamble: Fl, Bb Cl, El. Gtr, Perc, Pno, Vln, Vla, Vc.<\/li>\n<\/ul>\n<p>&nbsp;<\/p>\n                <div class=\"ml-embedded\" data-form=\"JTq8vC\"><\/div>\n            \n<audio class=\"wp-audio-shortcode\" id=\"audio-35-15\" preload=\"none\" style=\"width: 100%;\" controls=\"controls\"><source type=\"audio\/mpeg\" src=\"http:\/\/es.valeriapelka.com\/wp-content\/uploads\/2023\/11\/CYS-11-5-23-Pelka-I.mp3?_=15\" \/><a href=\"http:\/\/es.valeriapelka.com\/wp-content\/uploads\/2023\/11\/CYS-11-5-23-Pelka-I.mp3\">http:\/\/es.valeriapelka.com\/wp-content\/uploads\/2023\/11\/CYS-11-5-23-Pelka-I.mp3<\/a><\/audio>\n","protected":false},"excerpt":{"rendered":"<p>&nbsp; &#8220;MEMORIAS ARGENTINAS&#8221;\u00a0 Como es bien sabido, muchos de los ritmos folkl\u00f3ricos argentinos tienen ra\u00edces africanas. Esta pieza musical se inspira en tres de ellos: [&#8230;]<\/p>\n","protected":false},"author":1,"featured_media":0,"parent":0,"menu_order":0,"comment_status":"closed","ping_status":"closed","template":"templates\/template-no-title.php","meta":{"om_disable_all_campaigns":false,"sfsi_plus_gutenberg_text_before_share":"","sfsi_plus_gutenberg_show_text_before_share":"","sfsi_plus_gutenberg_icon_type":"","sfsi_plus_gutenberg_icon_alignemt":"","sfsi_plus_gutenburg_max_per_row":"","_monsterinsights_skip_tracking":false,"_monsterinsights_sitenote_active":false,"_monsterinsights_sitenote_note":"","_monsterinsights_sitenote_category":0,"footnotes":""},"class_list":["post-35","page","type-page","status-publish","hentry"],"_links":{"self":[{"href":"https:\/\/es.valeriapelka.com\/index.php\/wp-json\/wp\/v2\/pages\/35"}],"collection":[{"href":"https:\/\/es.valeriapelka.com\/index.php\/wp-json\/wp\/v2\/pages"}],"about":[{"href":"https:\/\/es.valeriapelka.com\/index.php\/wp-json\/wp\/v2\/types\/page"}],"author":[{"embeddable":true,"href":"https:\/\/es.valeriapelka.com\/index.php\/wp-json\/wp\/v2\/users\/1"}],"replies":[{"embeddable":true,"href":"https:\/\/es.valeriapelka.com\/index.php\/wp-json\/wp\/v2\/comments?post=35"}],"version-history":[{"count":88,"href":"https:\/\/es.valeriapelka.com\/index.php\/wp-json\/wp\/v2\/pages\/35\/revisions"}],"predecessor-version":[{"id":584,"href":"https:\/\/es.valeriapelka.com\/index.php\/wp-json\/wp\/v2\/pages\/35\/revisions\/584"}],"wp:attachment":[{"href":"https:\/\/es.valeriapelka.com\/index.php\/wp-json\/wp\/v2\/media?parent=35"}],"curies":[{"name":"wp","href":"https:\/\/api.w.org\/{rel}","templated":true}]}}