{"id":302,"date":"2023-10-20T00:45:44","date_gmt":"2023-10-20T00:45:44","guid":{"rendered":"https:\/\/es.valeriapelka.com\/?page_id=302"},"modified":"2026-03-01T18:18:27","modified_gmt":"2026-03-01T18:18:27","slug":"media","status":"publish","type":"page","link":"https:\/\/es.valeriapelka.com\/index.php\/media\/","title":{"rendered":"Media"},"content":{"rendered":"<p><img loading=\"lazy\" decoding=\"async\" class=\"wp-image-544 aligncenter\" src=\"https:\/\/valeriapelka.com\/wp-content\/uploads\/2023\/11\/MEMORIAS.png\" alt=\"\" width=\"692\" height=\"308\" \/><\/p>\n<p>&#8220;MEMORIAS ARGENTINAS&#8221;\u00a0 Como es bien sabido, muchos de los ritmos folkl\u00f3ricos argentinos tienen ra\u00edces africanas. Esta pieza musical se inspira en tres de ellos: la chacarera, la zamba y el malambo. Cada uno de estos estilos se interpreta y baila en diferentes regiones del pa\u00eds, extendi\u00e9ndose por todo el territorio nacional.<\/p>\n<p>Entendiendo que es imposible abarcar en una sola composici\u00f3n musical todas las influencias que la herencia africana ha tenido en la m\u00fasica folkl\u00f3rica argentina, esta suite es un intento de preservar, rendir homenaje y renovar algunos de esos elementos heredados despu\u00e9s de siglos.<\/p>\n<p><em>Comisionada y dedicada a California Youth Symphony, Palo Alto, California, USA, <\/em><em>y al Maestro Leo Eylar, Director. <\/em><\/p>\n<p><em>27 de junio de 2024 &#8211; en el Auditori i Palau de Congressos de Castell\u00f3.\u00a0 <\/em><em>Este concierto ha formado parte del CYS Spain Tour 2024.<\/em><\/p>\n<p>&nbsp;<\/p>\n<p><iframe loading=\"lazy\" title=\"&quot;Memorias Argentinas&quot; by Valeria Pelka - California Youth Symphony - Spain Tour 2024\" width=\"800\" height=\"450\" src=\"https:\/\/www.youtube.com\/embed\/IikTV5s8UpU?feature=oembed\" frameborder=\"0\" allow=\"accelerometer; autoplay; clipboard-write; encrypted-media; gyroscope; picture-in-picture; web-share\" referrerpolicy=\"strict-origin-when-cross-origin\" allowfullscreen><\/iframe><\/p>\n<p>&nbsp;<\/p>\n<p><span style=\"font-weight: 400;\"><img loading=\"lazy\" decoding=\"async\" class=\"size-full wp-image-458 aligncenter\" src=\"http:\/\/es.valeriapelka.com\/wp-content\/uploads\/2024\/10\/beyond-rituals-orq.png\" alt=\"\" width=\"599\" height=\"305\" srcset=\"https:\/\/es.valeriapelka.com\/wp-content\/uploads\/2024\/10\/beyond-rituals-orq.png 599w, https:\/\/es.valeriapelka.com\/wp-content\/uploads\/2024\/10\/beyond-rituals-orq-300x153.png 300w, https:\/\/es.valeriapelka.com\/wp-content\/uploads\/2024\/10\/beyond-rituals-orq-24x12.png 24w, https:\/\/es.valeriapelka.com\/wp-content\/uploads\/2024\/10\/beyond-rituals-orq-36x18.png 36w, https:\/\/es.valeriapelka.com\/wp-content\/uploads\/2024\/10\/beyond-rituals-orq-90x46.png 90w\" sizes=\"(max-width: 599px) 100vw, 599px\" \/> &#8220;BEYOND RITUALS&#8221;\u00a0 La m\u00fasica y la danza, en su esencia m\u00e1s profunda, act\u00faan como puentes que unen a la humanidad en una celebraci\u00f3n com\u00fan de la existencia. Mi prop\u00f3sito de crear una obra que hable sobre la uni\u00f3n de la humanidad a trav\u00e9s de la danza y la m\u00fasica me ha llevado a reflexionar sobre las pr\u00e1cticas de los pueblos nativos, en los que m\u00fasica y danza emergieron como formas primordiales de conexi\u00f3n con la naturaleza y con lo divino.\u00a0<\/span><\/p>\n<p><span style=\"font-weight: 400;\">Estos pueblos adoraban a las deidades naturales y a trav\u00e9s de rituales invocaban a la lluvia, agradec\u00edan al sol, veneraban al fuego y celebraban todo lo que la tierra les brindaba.\u00a0<\/span><\/p>\n<p><span style=\"font-weight: 400;\">As\u00ed, cada movimiento, cada canto y cada golpe de tambor se convert\u00edan en una ofrenda sagrada. La danza y la m\u00fasica no solo eran expresiones art\u00edsticas, sino medios para rendir tributo a la naturaleza, reforzando el v\u00ednculo entre el ser humano y su entorno. En este esp\u00edritu, ambas expresiones reun\u00edan a las personas en un acto compartido de veneraci\u00f3n y agradecimiento, reflejando las ra\u00edces comunes que a\u00fan hoy nos conectan a todos con el ritmo eterno de la vida.<\/span><\/p>\n<p><em>Comisionada y dedicada a Cambrian Symphony, San Jose, California, USA, <\/em><em>y al\u00a0 Maestro Scott Krijnen, Music Director.<\/em><\/p>\n<p><em>\u00a021 de Septiembre de 2024 &#8211; Hammer Theatre &#8211; San Jose, CA.<\/em><\/p>\n<p>&nbsp;<\/p>\n<p><iframe loading=\"lazy\" title=\"&quot;Beyond Rituals&quot; (2024) by Valeria Pelka - World Premiere - Cambrian Symphony\" width=\"800\" height=\"450\" src=\"https:\/\/www.youtube.com\/embed\/zUOcfN-w-C4?feature=oembed\" frameborder=\"0\" allow=\"accelerometer; autoplay; clipboard-write; encrypted-media; gyroscope; picture-in-picture; web-share\" referrerpolicy=\"strict-origin-when-cross-origin\" allowfullscreen><\/iframe><\/p>\n<p>&nbsp;<\/p>\n<p><img loading=\"lazy\" decoding=\"async\" class=\"wp-image-380 aligncenter\" src=\"http:\/\/es.valeriapelka.com\/wp-content\/uploads\/2023\/12\/Candom-cuerdas.png\" alt=\"\" width=\"661\" height=\"243\" srcset=\"https:\/\/es.valeriapelka.com\/wp-content\/uploads\/2023\/12\/Candom-cuerdas.png 1015w, https:\/\/es.valeriapelka.com\/wp-content\/uploads\/2023\/12\/Candom-cuerdas-300x110.png 300w, https:\/\/es.valeriapelka.com\/wp-content\/uploads\/2023\/12\/Candom-cuerdas-768x282.png 768w, https:\/\/es.valeriapelka.com\/wp-content\/uploads\/2023\/12\/Candom-cuerdas-24x9.png 24w, https:\/\/es.valeriapelka.com\/wp-content\/uploads\/2023\/12\/Candom-cuerdas-36x13.png 36w, https:\/\/es.valeriapelka.com\/wp-content\/uploads\/2023\/12\/Candom-cuerdas-90x33.png 90w\" sizes=\"(max-width: 661px) 100vw, 661px\" \/><\/p>\n<p><span style=\"font-weight: 400;\">\u201cCANDOM\u201d es una obra escrita para plasmar los sentimientos producidos por el color y la velocidad de la vida en las dos grandes ciudades del R\u00edo de la Plata \u2013 Buenos Aires y Montevideo \u2013\u00a0 aprovechando el ritmo que las une mejor que ning\u00fan otro: el candombe. Este ritmo de ra\u00edces africanas, hoy uruguayo por excelencia, en otros siglos era tan montevideano como porte\u00f1o.\u00a0<\/span><\/p>\n<p><span style=\"font-weight: 400;\"><br \/>\nCompuesta en el mes de febrero, esta obra est\u00e1 influenciada por el advenimiento del carnaval. Y puesto que el carnaval rioplatense est\u00e1 rodeado de personajes que evocan con una mezcla de alegr\u00eda y nostalgia, Candom atraviesa gran cantidad de emociones, como las atraviesa todo ser humano que pasa por esta existencia con pasi\u00f3n y compromiso.\u00a0<\/span><\/p>\n<p><em>2023-24 Season Senior PACO Palo Alto Chamber Orchestra &#8211;\u00a0 Maestro Scott Krijnen, Director\u00a0<\/em><\/p>\n<p><em>18 de Mayo de 2024 &#8211; Cubberley Theatre, Palo Alto, California, USA<\/em><\/p>\n<h3><\/h3>\n<p><iframe loading=\"lazy\" title=\"Candom  - for String Orchestra - by Valeria Pelka - | Senior PACO | Palo Alto Chamber Orchestra\" width=\"800\" height=\"450\" src=\"https:\/\/www.youtube.com\/embed\/NBLqcfsMQmk?start=2&#038;feature=oembed\" frameborder=\"0\" allow=\"accelerometer; autoplay; clipboard-write; encrypted-media; gyroscope; picture-in-picture; web-share\" referrerpolicy=\"strict-origin-when-cross-origin\" allowfullscreen><\/iframe><\/p>\n<p>&nbsp;<\/p>\n<p><img loading=\"lazy\" decoding=\"async\" class=\"wp-image-228 aligncenter\" src=\"http:\/\/es.valeriapelka.com\/wp-content\/uploads\/2021\/10\/El-Abasto-Vie\u202antos.png\" alt=\"\" width=\"582\" height=\"191\" srcset=\"https:\/\/es.valeriapelka.com\/wp-content\/uploads\/2021\/10\/El-Abasto-Vie\u202antos.png 1008w, https:\/\/es.valeriapelka.com\/wp-content\/uploads\/2021\/10\/El-Abasto-Vie\u202antos-300x99.png 300w, https:\/\/es.valeriapelka.com\/wp-content\/uploads\/2021\/10\/El-Abasto-Vie\u202antos-768x252.png 768w, https:\/\/es.valeriapelka.com\/wp-content\/uploads\/2021\/10\/El-Abasto-Vie\u202antos-24x8.png 24w, https:\/\/es.valeriapelka.com\/wp-content\/uploads\/2021\/10\/El-Abasto-Vie\u202antos-36x12.png 36w, https:\/\/es.valeriapelka.com\/wp-content\/uploads\/2021\/10\/El-Abasto-Vie\u202antos-90x30.png 90w\" sizes=\"(max-width: 582px) 100vw, 582px\" \/><\/p>\n<p>&nbsp;<\/p>\n<p><span style=\"font-weight: 400;\">&#8220;EL ABASTO&#8221; manifiesta mi necesidad de reconectar con la m\u00fasica no solo de mi pa\u00eds y mi ciudad sino de mi propia historia. Esa m\u00fasica que me acompa\u00f1a como argentina y como porte\u00f1a desde mi ni\u00f1ez, sonando en la radio de la cocina, donde mi padre pasaba todos los domingos por la ma\u00f1ana cocinando para la familia hasta llegado el mediod\u00eda.<\/span><\/p>\n<p><span style=\"font-weight: 400;\">La intenci\u00f3n es abordar uno de los estilos distintivos de mi pa\u00eds y mi ciudad, el tango t\u00edpico argentino, sin pretender el purismo estil\u00edstico, sino precisamente lograr la mixtura de dicho estilo con la m\u00fasica sinf\u00f3nica, usando armon\u00edas tonales que se desarrollan desde\u00a0 una mirada m\u00e1s contempor\u00e1nea. Una fusi\u00f3n entre otras tantas posibles.\u00a0<\/span><\/p>\n<p><i><span style=\"font-weight: 400;\">Dedicada a mi pap\u00e1, qui\u00e9n seguramente la hubiera disfrutado mucho. <\/span><\/i><\/p>\n<p><i><span style=\"font-weight: 400;\">Oklahoma University Symphony Band, Maestro Andrey Cruz, Director<\/span><\/i><\/p>\n<p><i><span style=\"font-weight: 400;\">21 de noviembre de 2022 &#8211; Sharp Concert Hall, Oklahoma, USA<\/span><\/i><\/p>\n<p>&nbsp;<\/p>\n<p><iframe loading=\"lazy\" title=\"EL ABASTO by Valeria Pelka  - World Premiere - OU Symphony Band - Andrey Cruz conductor\" width=\"800\" height=\"450\" src=\"https:\/\/www.youtube.com\/embed\/FlkfKlxVu_c?feature=oembed\" frameborder=\"0\" allow=\"accelerometer; autoplay; clipboard-write; encrypted-media; gyroscope; picture-in-picture; web-share\" referrerpolicy=\"strict-origin-when-cross-origin\" allowfullscreen><\/iframe><\/p>\n<p>&nbsp;<\/p>\n<p>&nbsp;<\/p>\n<p>&nbsp;<\/p>\n<p>&nbsp;<\/p>\n<p><img loading=\"lazy\" decoding=\"async\" class=\" wp-image-282 aligncenter\" src=\"http:\/\/es.valeriapelka.com\/wp-content\/uploads\/2023\/10\/DARSENA-SUR.png\" alt=\"\" width=\"685\" height=\"255\" srcset=\"https:\/\/es.valeriapelka.com\/wp-content\/uploads\/2023\/10\/DARSENA-SUR.png 991w, https:\/\/es.valeriapelka.com\/wp-content\/uploads\/2023\/10\/DARSENA-SUR-300x112.png 300w, https:\/\/es.valeriapelka.com\/wp-content\/uploads\/2023\/10\/DARSENA-SUR-768x286.png 768w, https:\/\/es.valeriapelka.com\/wp-content\/uploads\/2023\/10\/DARSENA-SUR-24x9.png 24w, https:\/\/es.valeriapelka.com\/wp-content\/uploads\/2023\/10\/DARSENA-SUR-36x13.png 36w, https:\/\/es.valeriapelka.com\/wp-content\/uploads\/2023\/10\/DARSENA-SUR-90x34.png 90w\" sizes=\"(max-width: 685px) 100vw, 685px\" \/><\/p>\n<p style=\"text-align: center;\">ESTA PIEZA FUE GALARDONADA CON EL TERCER PREMIO<br \/>\nEN EL CONCURSO PROVINCIAL DE OBRAS PARA ORQUESTA SINF\u00d3NICA<br \/>\n\u2018MARTA LAMBERTINI\u2019 \u2013 2023<\/p>\n<p><img loading=\"lazy\" decoding=\"async\" class=\"wp-image-283 aligncenter\" src=\"http:\/\/es.valeriapelka.com\/wp-content\/uploads\/2023\/10\/I-san-telmo.png\" alt=\"\" width=\"313\" height=\"101\" srcset=\"https:\/\/es.valeriapelka.com\/wp-content\/uploads\/2023\/10\/I-san-telmo.png 961w, https:\/\/es.valeriapelka.com\/wp-content\/uploads\/2023\/10\/I-san-telmo-300x97.png 300w, https:\/\/es.valeriapelka.com\/wp-content\/uploads\/2023\/10\/I-san-telmo-768x249.png 768w, https:\/\/es.valeriapelka.com\/wp-content\/uploads\/2023\/10\/I-san-telmo-24x8.png 24w, https:\/\/es.valeriapelka.com\/wp-content\/uploads\/2023\/10\/I-san-telmo-36x12.png 36w, https:\/\/es.valeriapelka.com\/wp-content\/uploads\/2023\/10\/I-san-telmo-90x29.png 90w\" sizes=\"(max-width: 313px) 100vw, 313px\" \/><\/p>\n<p>&nbsp;<\/p>\n<p><span style=\"font-weight: 400;\">I &#8220;SAN TELMO&#8221;\u00a0 La t\u00edpica subdivisi\u00f3n 3-3-2 que proviene originalmente de la milonga, se ha convertido en el siglo XX en uno de los estilos caracter\u00edsticos de la m\u00fasica de Buenos Aires, ya sea en su versi\u00f3n \u201cadagio\u201d como en tempos m\u00e1s veloces, es reconocida en el mundo como una inconfundible m\u00fasica porte\u00f1a. Llevarla a la orquesta sinf\u00f3nica y moldear sus posibilidades formales, mel\u00f3dicas y arm\u00f3nicas es un juego sumamente estimulante.<\/span><\/p>\n<p><span style=\"font-weight: 400;\">En este movimiento se manifiesta mi deseo de propagar el estilo del tango moderno de mi ciudad, combin\u00e1ndolo con una de la forma m\u00e1s t\u00edpica del clasicismo, la forma sonata, desplegando melod\u00edas que queden en la memoria del oyente y entrelaz\u00e1ndolas con armon\u00edas que lo hagan sentir en casa, pero apelando siempre a a\u00f1adir pinceladas de sorpresa y novedad.\u00a0<\/span><\/p>\n<p>&nbsp;<\/p>\n<p><iframe loading=\"lazy\" title=\"D\u00c1RSENA SUR  - I  &quot;SAN TELMO&quot; - Valeria Pelka\" width=\"800\" height=\"450\" src=\"https:\/\/www.youtube.com\/embed\/FNTmvhnwDPo?feature=oembed\" frameborder=\"0\" allow=\"accelerometer; autoplay; clipboard-write; encrypted-media; gyroscope; picture-in-picture; web-share\" referrerpolicy=\"strict-origin-when-cross-origin\" allowfullscreen><\/iframe><\/p>\n<p>&nbsp;<\/p>\n<p>&nbsp;<\/p>\n<p><img loading=\"lazy\" decoding=\"async\" class=\" wp-image-284 aligncenter\" src=\"http:\/\/es.valeriapelka.com\/wp-content\/uploads\/2023\/10\/II-la-boca.png\" alt=\"\" width=\"269\" height=\"98\" srcset=\"https:\/\/es.valeriapelka.com\/wp-content\/uploads\/2023\/10\/II-la-boca.png 775w, https:\/\/es.valeriapelka.com\/wp-content\/uploads\/2023\/10\/II-la-boca-300x110.png 300w, https:\/\/es.valeriapelka.com\/wp-content\/uploads\/2023\/10\/II-la-boca-768x280.png 768w, https:\/\/es.valeriapelka.com\/wp-content\/uploads\/2023\/10\/II-la-boca-24x9.png 24w, https:\/\/es.valeriapelka.com\/wp-content\/uploads\/2023\/10\/II-la-boca-36x13.png 36w, https:\/\/es.valeriapelka.com\/wp-content\/uploads\/2023\/10\/II-la-boca-90x33.png 90w\" sizes=\"(max-width: 269px) 100vw, 269px\" \/><\/p>\n<p>&nbsp;<\/p>\n<p><span style=\"font-weight: 400;\">II &#8220;LA BOCA&#8221;\u00a0 es uno de los desaf\u00edos que me propongo desde hace a\u00f1os, llevar a una obra las pericias del contrapunto bachiano combin\u00e1ndolo con armon\u00edas contempor\u00e1neas y con los sonidos m\u00e1s populares de mi pa\u00eds.\u00a0<\/span><\/p>\n<p><span style=\"font-weight: 400;\">La milonga es para el porte\u00f1o uno de los estilos tangueros bailables por excelencia. El barrio, la gente, los vecinos, la comida al paso, el puerto, la historia de la ciudad, la \u201cporte\u00f1idad\u201d, todo ello nace en las esquinas del colorido y \u00fanico barrio de \u201cLa Boca\u201d, donde hace a\u00f1os encontraron asilo y trabajo los emigrados del mundo. \u201cLa Boca\u201d cambia de colores a distintas horas del d\u00eda, y tambi\u00e9n en la mirada de cada transe\u00fante, mientras permanece inalterable para los porte\u00f1os con el pasar de los a\u00f1os.\u00a0<\/span><\/p>\n<p><span style=\"font-weight: 400;\">El movimiento recorre diversas texturas, desde la m\u00e1s contrapunt\u00edstica a la homofon\u00eda, pasando por su puesto por melod\u00edas acompa\u00f1adas y jugando con los colores orquestales y armon\u00edas que atraviesan centurias desde el siglo XVII al\u00a0 XXI. Una oportunidad para dejarse sorprender por lo nuevo, percibiendo la alusi\u00f3n constante a lo hist\u00f3rico.\u00a0<\/span><\/p>\n<p>&nbsp;<\/p>\n<p><iframe loading=\"lazy\" title=\"D\u00c1RSENA SUR - II &quot;LA BOCA&quot; - Valeria Pelka\" width=\"800\" height=\"450\" src=\"https:\/\/www.youtube.com\/embed\/tfLXrpgih9k?feature=oembed\" frameborder=\"0\" allow=\"accelerometer; autoplay; clipboard-write; encrypted-media; gyroscope; picture-in-picture; web-share\" referrerpolicy=\"strict-origin-when-cross-origin\" allowfullscreen><\/iframe><\/p>\n<p>&nbsp;<\/p>\n<p>&nbsp;<\/p>\n<p><img loading=\"lazy\" decoding=\"async\" class=\" wp-image-10 aligncenter\" src=\"http:\/\/es.valeriapelka.com\/wp-content\/uploads\/2021\/09\/el-abasto.png\" alt=\"\" width=\"550\" height=\"219\" srcset=\"https:\/\/es.valeriapelka.com\/wp-content\/uploads\/2021\/09\/el-abasto.png 917w, https:\/\/es.valeriapelka.com\/wp-content\/uploads\/2021\/09\/el-abasto-300x119.png 300w, https:\/\/es.valeriapelka.com\/wp-content\/uploads\/2021\/09\/el-abasto-768x306.png 768w\" sizes=\"(max-width: 550px) 100vw, 550px\" \/><\/p>\n<ul>\n<li>Tambi\u00e9n para banda \/ ensamble de vientos<\/li>\n<\/ul>\n<p><iframe loading=\"lazy\" title=\"EL ABASTO - Valeria Pelka\" width=\"800\" height=\"450\" src=\"https:\/\/www.youtube.com\/embed\/3uthoHFh-h8?feature=oembed\" frameborder=\"0\" allow=\"accelerometer; autoplay; clipboard-write; encrypted-media; gyroscope; picture-in-picture; web-share\" referrerpolicy=\"strict-origin-when-cross-origin\" allowfullscreen><\/iframe><\/p>\n<p>&nbsp;<\/p>\n<p><img loading=\"lazy\" decoding=\"async\" class=\" wp-image-21 aligncenter\" src=\"http:\/\/es.valeriapelka.com\/wp-content\/uploads\/2021\/09\/reminiscencias.png\" alt=\"\" width=\"742\" height=\"188\" srcset=\"https:\/\/es.valeriapelka.com\/wp-content\/uploads\/2021\/09\/reminiscencias.png 1173w, https:\/\/es.valeriapelka.com\/wp-content\/uploads\/2021\/09\/reminiscencias-300x76.png 300w, https:\/\/es.valeriapelka.com\/wp-content\/uploads\/2021\/09\/reminiscencias-1024x259.png 1024w, https:\/\/es.valeriapelka.com\/wp-content\/uploads\/2021\/09\/reminiscencias-768x194.png 768w\" sizes=\"(max-width: 742px) 100vw, 742px\" \/><\/p>\n<p><span style=\"font-weight: 400;\">&#8220;REMINISCENCES&#8221; es una obra que est\u00e1 basada en im\u00e1genes. Describe el despegar de la vida y salir al mundo con las esperanzas y miedos que todo esto implica. Tambi\u00e9n aborda la idea de dejarlo todo atr\u00e1s, en el pasado. Evoca un manto de melancol\u00eda, llen\u00e1ndose de esas sutiles reminiscencias de lo que un d\u00eda fue y somos conscientes de que nunca volver\u00e1.<\/span><\/p>\n<p>&nbsp;<\/p>\n<p><iframe loading=\"lazy\" title=\"&quot;REMINISCENCES&quot; - Valeria Pelka\" width=\"800\" height=\"450\" src=\"https:\/\/www.youtube.com\/embed\/LkTZiGb9VDw?feature=oembed\" frameborder=\"0\" allow=\"accelerometer; autoplay; clipboard-write; encrypted-media; gyroscope; picture-in-picture; web-share\" referrerpolicy=\"strict-origin-when-cross-origin\" allowfullscreen><\/iframe><\/p>\n<p>&nbsp;<\/p>\n<p><img loading=\"lazy\" decoding=\"async\" class=\" wp-image-12 aligncenter\" src=\"http:\/\/es.valeriapelka.com\/wp-content\/uploads\/2021\/09\/en-la-orilla.png\" alt=\"\" width=\"673\" height=\"197\" srcset=\"https:\/\/es.valeriapelka.com\/wp-content\/uploads\/2021\/09\/en-la-orilla.png 649w, https:\/\/es.valeriapelka.com\/wp-content\/uploads\/2021\/09\/en-la-orilla-300x88.png 300w\" sizes=\"(max-width: 673px) 100vw, 673px\" \/><\/p>\n<p><span style=\"font-weight: 400;\">La esperanza de alcanzar una vida m\u00e1s feliz. La desesperada necesidad de arriesgarlo todo para concretar un sue\u00f1o. La p\u00e9rdida m\u00e1s absoluta e irrevocable de lo m\u00e1s preciado que tenemos. La imposibilidad de dar marcha atr\u00e1s. El dolor filtr\u00e1ndose en el alma de quien queda para apreciar lo ocurrido.<\/span><\/p>\n<p><span style=\"font-weight: 400;\">Un hombre salvadore\u00f1o y su hija de un a\u00f1o y 11 meses, fueron hallados en las orillas del r\u00edo Bravo. Murieron ahogados el domingo 23 de junio de 2019, tras ser arrastrados por la corriente del r\u00edo, al intentar cruzar por Matamoros, del estado mexicano de Tamaulipas, hacia Estados Unidos. Se hundieron ante la mirada de la madre de la ni\u00f1a, antes de llegar a la costa estadounidense.\u00a0<\/span><\/p>\n<p><iframe loading=\"lazy\" title=\"EN LA ORILLA - Valeria Pelka\" width=\"800\" height=\"450\" src=\"https:\/\/www.youtube.com\/embed\/1sfRY2ZU_IM?feature=oembed\" frameborder=\"0\" allow=\"accelerometer; autoplay; clipboard-write; encrypted-media; gyroscope; picture-in-picture; web-share\" referrerpolicy=\"strict-origin-when-cross-origin\" allowfullscreen><\/iframe><\/p>\n<p>&nbsp;<\/p>\n<p><img loading=\"lazy\" decoding=\"async\" class=\" wp-image-24 aligncenter\" src=\"http:\/\/es.valeriapelka.com\/wp-content\/uploads\/2021\/09\/the-search.png\" alt=\"\" width=\"683\" height=\"192\" srcset=\"https:\/\/es.valeriapelka.com\/wp-content\/uploads\/2021\/09\/the-search.png 1201w, https:\/\/es.valeriapelka.com\/wp-content\/uploads\/2021\/09\/the-search-300x84.png 300w, https:\/\/es.valeriapelka.com\/wp-content\/uploads\/2021\/09\/the-search-1024x287.png 1024w, https:\/\/es.valeriapelka.com\/wp-content\/uploads\/2021\/09\/the-search-768x216.png 768w\" sizes=\"(max-width: 683px) 100vw, 683px\" \/><\/p>\n<p><span style=\"font-weight: 400;\">La marcha es emprendida por cada uno de los actores que compiten por el protagonismo, apareciendo en cada caso como la voz l\u00edder. No s\u00f3lo los timbres, sino las ideas, que parecen principales en determinado momento, pasan a ser secundarias en otros. Una constante b\u00fasqueda de qui\u00e9n porta la verdadera conducci\u00f3n del discurso que se definir\u00e1 por momentos y se desdibujar\u00e1 en otros dejando al oyente la pregunta, \u00bfcu\u00e1l fue el tema? <\/span><\/p>\n<p>&nbsp;<\/p>\n<p><iframe loading=\"lazy\" title=\"&quot;THE SEARCH&quot; - Valeria Pelka\" width=\"800\" height=\"450\" src=\"https:\/\/www.youtube.com\/embed\/pO5hZ-Y3lmg?feature=oembed\" frameborder=\"0\" allow=\"accelerometer; autoplay; clipboard-write; encrypted-media; gyroscope; picture-in-picture; web-share\" referrerpolicy=\"strict-origin-when-cross-origin\" allowfullscreen><\/iframe><\/p>\n<p>&nbsp;<\/p>\n<p><img loading=\"lazy\" decoding=\"async\" class=\" wp-image-23 aligncenter\" src=\"http:\/\/es.valeriapelka.com\/wp-content\/uploads\/2021\/09\/the-chase.png\" alt=\"\" width=\"588\" height=\"168\" srcset=\"https:\/\/es.valeriapelka.com\/wp-content\/uploads\/2021\/09\/the-chase.png 1061w, https:\/\/es.valeriapelka.com\/wp-content\/uploads\/2021\/09\/the-chase-300x86.png 300w, https:\/\/es.valeriapelka.com\/wp-content\/uploads\/2021\/09\/the-chase-1024x292.png 1024w, https:\/\/es.valeriapelka.com\/wp-content\/uploads\/2021\/09\/the-chase-768x219.png 768w\" sizes=\"(max-width: 588px) 100vw, 588px\" \/><\/p>\n<p><span style=\"font-weight: 400;\">La sensaci\u00f3n de v\u00e9rtigo y el movimiento \u201cfugado\u201d de sus voces confieren a \u201cThe Chase\u201d su caracter\u00edstica primordial, un constante devenir y premura. El advenimiento del precipicio sin escapatoria.\u00a0<\/span><\/p>\n<p>&nbsp;<\/p>\n<p><iframe loading=\"lazy\" title=\"&quot;THE CHASE&quot; - Valeria Pelka\" width=\"800\" height=\"450\" src=\"https:\/\/www.youtube.com\/embed\/t93zr1YuOys?feature=oembed\" frameborder=\"0\" allow=\"accelerometer; autoplay; clipboard-write; encrypted-media; gyroscope; picture-in-picture; web-share\" referrerpolicy=\"strict-origin-when-cross-origin\" allowfullscreen><\/iframe><\/p>\n<p>&nbsp;<\/p>\n<p>&nbsp;<\/p>\n<p>&nbsp;<\/p>\n<p><img loading=\"lazy\" decoding=\"async\" class=\" wp-image-240 aligncenter\" src=\"http:\/\/es.valeriapelka.com\/wp-content\/uploads\/2022\/01\/media-music-photo1.jpg\" alt=\"\" width=\"1008\" height=\"168\" srcset=\"https:\/\/es.valeriapelka.com\/wp-content\/uploads\/2022\/01\/media-music-photo1.jpg 1500w, https:\/\/es.valeriapelka.com\/wp-content\/uploads\/2022\/01\/media-music-photo1-300x50.jpg 300w, https:\/\/es.valeriapelka.com\/wp-content\/uploads\/2022\/01\/media-music-photo1-1024x171.jpg 1024w, https:\/\/es.valeriapelka.com\/wp-content\/uploads\/2022\/01\/media-music-photo1-768x128.jpg 768w, https:\/\/es.valeriapelka.com\/wp-content\/uploads\/2022\/01\/media-music-photo1-24x4.jpg 24w, https:\/\/es.valeriapelka.com\/wp-content\/uploads\/2022\/01\/media-music-photo1-36x6.jpg 36w, https:\/\/es.valeriapelka.com\/wp-content\/uploads\/2022\/01\/media-music-photo1-90x15.jpg 90w\" sizes=\"(max-width: 1008px) 100vw, 1008px\" \/><\/p>\n<p><img loading=\"lazy\" decoding=\"async\" class=\" wp-image-15 aligncenter\" src=\"http:\/\/es.valeriapelka.com\/wp-content\/uploads\/2021\/09\/musica-para-medios.png\" alt=\"\" width=\"708\" height=\"99\" srcset=\"https:\/\/es.valeriapelka.com\/wp-content\/uploads\/2021\/09\/musica-para-medios.png 1123w, https:\/\/es.valeriapelka.com\/wp-content\/uploads\/2021\/09\/musica-para-medios-300x42.png 300w, https:\/\/es.valeriapelka.com\/wp-content\/uploads\/2021\/09\/musica-para-medios-1024x143.png 1024w, https:\/\/es.valeriapelka.com\/wp-content\/uploads\/2021\/09\/musica-para-medios-768x107.png 768w\" sizes=\"(max-width: 708px) 100vw, 708px\" \/><\/p>\n<p>&nbsp;<\/p>\n<p><img loading=\"lazy\" decoding=\"async\" class=\" wp-image-100 aligncenter\" src=\"http:\/\/es.valeriapelka.com\/wp-content\/uploads\/2021\/09\/naval-battle00.jpg\" alt=\"\" width=\"435\" height=\"62\" srcset=\"https:\/\/es.valeriapelka.com\/wp-content\/uploads\/2021\/09\/naval-battle00.jpg 645w, https:\/\/es.valeriapelka.com\/wp-content\/uploads\/2021\/09\/naval-battle00-300x43.jpg 300w\" sizes=\"(max-width: 435px) 100vw, 435px\" \/><\/p>\n<p>M\u00fasica compuesta para el curso de formaci\u00f3n extraescurricular de M\u00fasica para Videojuegos que se imparte en la Universidad Nacional de las Artes. (2018). Las im\u00e1genes corresponden al videojuego World of Warships desarrollado por Wargaming, Lesta Studio (2015)<\/p>\n<p><iframe loading=\"lazy\" title=\"NAVAL BATTLE -  Incidental music - VideoGame - Valeria Pelka\" width=\"800\" height=\"450\" src=\"https:\/\/www.youtube.com\/embed\/fo0-ERsMb10?feature=oembed\" frameborder=\"0\" allow=\"accelerometer; autoplay; clipboard-write; encrypted-media; gyroscope; picture-in-picture; web-share\" referrerpolicy=\"strict-origin-when-cross-origin\" allowfullscreen><\/iframe><\/p>\n<p>&nbsp;<\/p>\n<p>&nbsp;<\/p>\n<p><img loading=\"lazy\" decoding=\"async\" class=\" wp-image-251 aligncenter\" src=\"http:\/\/es.valeriapelka.com\/wp-content\/uploads\/2022\/06\/POP.png\" alt=\"\" width=\"601\" height=\"134\" srcset=\"https:\/\/es.valeriapelka.com\/wp-content\/uploads\/2022\/06\/POP.png 1127w, https:\/\/es.valeriapelka.com\/wp-content\/uploads\/2022\/06\/POP-300x67.png 300w, https:\/\/es.valeriapelka.com\/wp-content\/uploads\/2022\/06\/POP-1024x228.png 1024w, https:\/\/es.valeriapelka.com\/wp-content\/uploads\/2022\/06\/POP-768x171.png 768w, https:\/\/es.valeriapelka.com\/wp-content\/uploads\/2022\/06\/POP-24x5.png 24w, https:\/\/es.valeriapelka.com\/wp-content\/uploads\/2022\/06\/POP-36x8.png 36w, https:\/\/es.valeriapelka.com\/wp-content\/uploads\/2022\/06\/POP-90x20.png 90w\" sizes=\"(max-width: 601px) 100vw, 601px\" \/><\/p>\n<h4 style=\"text-align: center;\">Este apartado evoca una \u00e9poca diferente de mi vida, una que aprecio por la inmensa alegr\u00eda que me brind\u00f3.<\/h4>\n<h4 style=\"text-align: center;\">Aunque hoy mi coraz\u00f3n late al ritmo de la m\u00fasica sinf\u00f3nica, no quiero dejar de compartir con ustedes estas canciones.<\/h4>\n<h4 style=\"text-align: center;\">Son parte de qui\u00e9n soy, una parte de la historia de mi alma.<\/h4>\n<p>&nbsp;<\/p>\n<p><img loading=\"lazy\" decoding=\"async\" class=\" wp-image-250 aligncenter\" src=\"http:\/\/es.valeriapelka.com\/wp-content\/uploads\/2022\/06\/EL-TIEMPO-BORRARA.png\" alt=\"\" width=\"466\" height=\"78\" srcset=\"https:\/\/es.valeriapelka.com\/wp-content\/uploads\/2022\/06\/EL-TIEMPO-BORRARA.png 1374w, https:\/\/es.valeriapelka.com\/wp-content\/uploads\/2022\/06\/EL-TIEMPO-BORRARA-300x50.png 300w, https:\/\/es.valeriapelka.com\/wp-content\/uploads\/2022\/06\/EL-TIEMPO-BORRARA-1024x171.png 1024w, https:\/\/es.valeriapelka.com\/wp-content\/uploads\/2022\/06\/EL-TIEMPO-BORRARA-768x129.png 768w, https:\/\/es.valeriapelka.com\/wp-content\/uploads\/2022\/06\/EL-TIEMPO-BORRARA-24x4.png 24w, https:\/\/es.valeriapelka.com\/wp-content\/uploads\/2022\/06\/EL-TIEMPO-BORRARA-36x6.png 36w, https:\/\/es.valeriapelka.com\/wp-content\/uploads\/2022\/06\/EL-TIEMPO-BORRARA-90x15.png 90w\" sizes=\"(max-width: 466px) 100vw, 466px\" \/><\/p>\n<p><iframe loading=\"lazy\" title=\"VALERIA PELKA - EL TIEMPO BORRAR\u00c1\" width=\"800\" height=\"450\" src=\"https:\/\/www.youtube.com\/embed\/fEK5jl6lwsk?feature=oembed\" frameborder=\"0\" allow=\"accelerometer; autoplay; clipboard-write; encrypted-media; gyroscope; picture-in-picture; web-share\" referrerpolicy=\"strict-origin-when-cross-origin\" allowfullscreen><\/iframe><\/p>\n<h4><\/h4>\n<h3 style=\"text-align: center;\">\u00abEL TIEMPO BORRAR\u00c1\u00bb (2010)<\/h3>\n<h3 style=\"text-align: center;\"><a href=\"https:\/\/open.spotify.com\/album\/7cWIkZOhpic9oC6geZUu3L?si=-dEnjBxESni8j57v3GJDww\" target=\"_blank\" rel=\"noopener\">Escucha el album completo en Spotify\u00a0<\/a><\/h3>\n<h3 style=\"text-align: center;\"><a href=\"https:\/\/open.spotify.com\/album\/7cWIkZOhpic9oC6geZUu3L?si=-dEnjBxESni8j57v3GJDww\" target=\"_blank\" rel=\"noopener\"><img loading=\"lazy\" decoding=\"async\" class=\"aligncenter\" src=\"http:\/\/estudiosmusicales.valeriapelka.com\/wp-content\/uploads\/2021\/08\/folder.jpg\" alt=\"\" width=\"563\" height=\"506\" \/><\/a><\/h3>\n<p>&nbsp;<\/p>\n<p>&nbsp;<\/p>\n                <div class=\"ml-embedded\" data-form=\"JTq8vC\"><\/div>\n            \n","protected":false},"excerpt":{"rendered":"<p>&#8220;MEMORIAS ARGENTINAS&#8221;\u00a0 Como es bien sabido, muchos de los ritmos folkl\u00f3ricos argentinos tienen ra\u00edces africanas. Esta pieza musical se inspira en tres de ellos: la [&#8230;]<\/p>\n","protected":false},"author":1,"featured_media":0,"parent":0,"menu_order":0,"comment_status":"closed","ping_status":"closed","template":"templates\/template-no-title.php","meta":{"om_disable_all_campaigns":false,"sfsi_plus_gutenberg_text_before_share":"","sfsi_plus_gutenberg_show_text_before_share":"","sfsi_plus_gutenberg_icon_type":"","sfsi_plus_gutenberg_icon_alignemt":"","sfsi_plus_gutenburg_max_per_row":"","_monsterinsights_skip_tracking":false,"_monsterinsights_sitenote_active":false,"_monsterinsights_sitenote_note":"","_monsterinsights_sitenote_category":0,"footnotes":""},"class_list":["post-302","page","type-page","status-publish","hentry"],"_links":{"self":[{"href":"https:\/\/es.valeriapelka.com\/index.php\/wp-json\/wp\/v2\/pages\/302"}],"collection":[{"href":"https:\/\/es.valeriapelka.com\/index.php\/wp-json\/wp\/v2\/pages"}],"about":[{"href":"https:\/\/es.valeriapelka.com\/index.php\/wp-json\/wp\/v2\/types\/page"}],"author":[{"embeddable":true,"href":"https:\/\/es.valeriapelka.com\/index.php\/wp-json\/wp\/v2\/users\/1"}],"replies":[{"embeddable":true,"href":"https:\/\/es.valeriapelka.com\/index.php\/wp-json\/wp\/v2\/comments?post=302"}],"version-history":[{"count":31,"href":"https:\/\/es.valeriapelka.com\/index.php\/wp-json\/wp\/v2\/pages\/302\/revisions"}],"predecessor-version":[{"id":583,"href":"https:\/\/es.valeriapelka.com\/index.php\/wp-json\/wp\/v2\/pages\/302\/revisions\/583"}],"wp:attachment":[{"href":"https:\/\/es.valeriapelka.com\/index.php\/wp-json\/wp\/v2\/media?parent=302"}],"curies":[{"name":"wp","href":"https:\/\/api.w.org\/{rel}","templated":true}]}}